{"id":1210,"date":"2020-11-22T15:49:08","date_gmt":"2020-11-22T15:49:08","guid":{"rendered":"http:\/\/www.casa-capinera.it\/habiter-2\/"},"modified":"2025-12-30T17:04:55","modified_gmt":"2025-12-30T17:04:55","slug":"habiter-2","status":"publish","type":"page","link":"https:\/\/www.casa-capinera.it\/fr\/habiter-2\/","title":{"rendered":"Habiter"},"content":{"rendered":"<p>[et_pb_section fb_built=\u00a0\u00bb1&Prime; fullwidth=\u00a0\u00bbon\u00a0\u00bb disabled_on=\u00a0\u00bboff|off|off\u00a0\u00bb admin_label=\u00a0\u00bbHero\u00a0\u00bb _builder_version=\u00a0\u00bb4.16&Prime; background_color=\u00a0\u00bbrgba(0,0,0,0)\u00a0\u00bb background_image=\u00a0\u00bbhttps:\/\/www.casa-capinera.it\/wp-content\/uploads\/2020\/11\/titel_wohnen.jpg\u00a0\u00bb parallax=\u00a0\u00bbon\u00a0\u00bb min_height=\u00a0\u00bb385px\u00a0\u00bb custom_padding=\u00a0\u00bb|||\u00a0\u00bb transparent_background=\u00a0\u00bbon\u00a0\u00bb global_colors_info=\u00a0\u00bb{}\u00a0\u00bb][et_pb_fullwidth_header text_orientation=\u00a0\u00bbcenter\u00a0\u00bb background_overlay_color=\u00a0\u00bbrgba(0,0,0,0)\u00a0\u00bb subhead_font_color=\u00a0\u00bb#bebebe\u00a0\u00bb _builder_version=\u00a0\u00bb4.16&Prime; title_font=\u00a0\u00bbPlayfair Display||||\u00a0\u00bb title_text_color=\u00a0\u00bb#ffffff\u00a0\u00bb title_font_size=\u00a0\u00bb72px\u00a0\u00bb title_line_height=\u00a0\u00bb1.3em\u00a0\u00bb content_font=\u00a0\u00bbMontserrat||||\u00a0\u00bb content_text_color=\u00a0\u00bb#bfbfbf\u00a0\u00bb content_font_size=\u00a0\u00bb19px\u00a0\u00bb content_line_height=\u00a0\u00bb1.8em\u00a0\u00bb subhead_font=\u00a0\u00bbMontserrat||||\u00a0\u00bb subhead_text_color=\u00a0\u00bb#bebebe\u00a0\u00bb subhead_line_height=\u00a0\u00bb1.8em\u00a0\u00bb background_color=\u00a0\u00bbrgba(255, 255, 255, 0)\u00a0\u00bb background_enable_image=\u00a0\u00bboff\u00a0\u00bb parallax=\u00a0\u00bbon\u00a0\u00bb parallax_method=\u00a0\u00bbon\u00a0\u00bb custom_padding=\u00a0\u00bb5%||5%|\u00a0\u00bb animation_style=\u00a0\u00bbzoom\u00a0\u00bb animation_duration=\u00a0\u00bb1500ms\u00a0\u00bb animation_intensity_zoom=\u00a0\u00bb4%\u00a0\u00bb title_line_height_last_edited=\u00a0\u00bboff|desktop\u00a0\u00bb global_colors_info=\u00a0\u00bb{}\u00a0\u00bb button_one_text_size__hover_enabled=\u00a0\u00bboff\u00a0\u00bb button_two_text_size__hover_enabled=\u00a0\u00bboff\u00a0\u00bb button_one_text_color__hover_enabled=\u00a0\u00bboff\u00a0\u00bb button_two_text_color__hover_enabled=\u00a0\u00bboff\u00a0\u00bb button_one_border_width__hover_enabled=\u00a0\u00bboff\u00a0\u00bb button_two_border_width__hover_enabled=\u00a0\u00bboff\u00a0\u00bb button_one_border_color__hover_enabled=\u00a0\u00bboff\u00a0\u00bb button_two_border_color__hover_enabled=\u00a0\u00bboff\u00a0\u00bb button_one_border_radius__hover_enabled=\u00a0\u00bboff\u00a0\u00bb button_two_border_radius__hover_enabled=\u00a0\u00bboff\u00a0\u00bb button_one_letter_spacing__hover_enabled=\u00a0\u00bboff\u00a0\u00bb button_two_letter_spacing__hover_enabled=\u00a0\u00bboff\u00a0\u00bb button_one_bg_color__hover_enabled=\u00a0\u00bboff\u00a0\u00bb button_two_bg_color__hover_enabled=\u00a0\u00bboff\u00a0\u00bb]<\/p>\n<p>&nbsp;<\/p>\n<p>&nbsp;<\/p>\n<p>[\/et_pb_fullwidth_header][\/et_pb_section][et_pb_section fb_built=\u00a0\u00bb1&Prime; _builder_version=\u00a0\u00bb4.16&Prime; _module_preset=\u00a0\u00bbdefault\u00a0\u00bb custom_margin=\u00a0\u00bb||-50px||false|false\u00a0\u00bb global_colors_info=\u00a0\u00bb{}\u00a0\u00bb][et_pb_row _builder_version=\u00a0\u00bb4.16&Prime; _module_preset=\u00a0\u00bbdefault\u00a0\u00bb global_colors_info=\u00a0\u00bb{}\u00a0\u00bb][et_pb_column type=\u00a0\u00bb4_4&Prime; _builder_version=\u00a0\u00bb4.16&Prime; _module_preset=\u00a0\u00bbdefault\u00a0\u00bb global_colors_info=\u00a0\u00bb{}\u00a0\u00bb][et_pb_text _builder_version=\u00a0\u00bb4.16&Prime; _module_preset=\u00a0\u00bbdefault\u00a0\u00bb text_font=\u00a0\u00bbSignika||||||||\u00a0\u00bb text_text_color=\u00a0\u00bb#333333&Prime; text_font_size=\u00a0\u00bb16px\u00a0\u00bb text_line_height=\u00a0\u00bb1.9em\u00a0\u00bb header_font=\u00a0\u00bbSignika|700|||||||\u00a0\u00bb header_text_color=\u00a0\u00bb#87aa0c\u00a0\u00bb header_font_size=\u00a0\u00bb48px\u00a0\u00bb header_2_font=\u00a0\u00bbSignika|600|on||||||\u00a0\u00bb header_2_text_align=\u00a0\u00bbcenter\u00a0\u00bb header_2_text_color=\u00a0\u00bb#b1b1b1&Prime; header_2_font_size=\u00a0\u00bb36px\u00a0\u00bb header_2_line_height=\u00a0\u00bb1.3em\u00a0\u00bb header_3_text_color=\u00a0\u00bb#b1b1b1&Prime; header_3_font_size=\u00a0\u00bb28px\u00a0\u00bb text_orientation=\u00a0\u00bbcenter\u00a0\u00bb global_colors_info=\u00a0\u00bb{}\u00a0\u00bb]<\/p>\n<h1>\u00catre \u00e0 l\u2019aise d\u00e8s le d\u00e9but<\/h1>\n<h2>Confortablement et tendrement \u00e9tabli<\/h2>\n<p>Les trois appartements de la Casa Capinera ont respectivement 2 o\u00f9 bien 3 chambres avec grand lit o\u00f9 lits individuels et une vue incomparable sur le vert, un s\u00e9jour confortable avec une cuisine int\u00e9gr\u00e9e, un sofa, un table de salle \u00e0 manger et un po\u00eale \u00e0 bois antique ainsi que une salle de bains avec une cabine de douche et un bidet. Tous les appartements sont \u00e9quip\u00e9s avec des draps et des serviettes.<\/p>\n<p>[\/et_pb_text][\/et_pb_column][\/et_pb_row][et_pb_row _builder_version=\u00a0\u00bb4.16&Prime; _module_preset=\u00a0\u00bbdefault\u00a0\u00bb width=\u00a0\u00bb90%\u00a0\u00bb global_colors_info=\u00a0\u00bb{}\u00a0\u00bb][et_pb_column type=\u00a0\u00bb4_4&Prime; _builder_version=\u00a0\u00bb4.16&Prime; _module_preset=\u00a0\u00bbdefault\u00a0\u00bb global_colors_info=\u00a0\u00bb{}\u00a0\u00bb][et_pb_gallery gallery_ids=\u00a0\u00bb1322,1615,1693,1621,2059,2056,2054,2050,2047,1660,1642,1645,1630,1618,1621,1624,1615,1322&Prime; show_title_and_caption=\u00a0\u00bboff\u00a0\u00bb show_pagination=\u00a0\u00bboff\u00a0\u00bb _builder_version=\u00a0\u00bb4.16&Prime; _module_preset=\u00a0\u00bbdefault\u00a0\u00bb custom_margin=\u00a0\u00bb-20px||-20px||false|false\u00a0\u00bb border_width_all_image=\u00a0\u00bb5px\u00a0\u00bb border_color_all_image=\u00a0\u00bb#DDDDDD\u00a0\u00bb locked=\u00a0\u00bboff\u00a0\u00bb global_colors_info=\u00a0\u00bb{}\u00a0\u00bb][\/et_pb_gallery][\/et_pb_column][\/et_pb_row][et_pb_row _builder_version=\u00a0\u00bb4.16&Prime; _module_preset=\u00a0\u00bbdefault\u00a0\u00bb custom_margin=\u00a0\u00bb||-50px||false|false\u00a0\u00bb global_colors_info=\u00a0\u00bb{}\u00a0\u00bb][et_pb_column type=\u00a0\u00bb4_4&Prime; _builder_version=\u00a0\u00bb4.16&Prime; _module_preset=\u00a0\u00bbdefault\u00a0\u00bb global_colors_info=\u00a0\u00bb{}\u00a0\u00bb][et_pb_text _builder_version=\u00a0\u00bb4.16&Prime; _module_preset=\u00a0\u00bbdefault\u00a0\u00bb text_font=\u00a0\u00bbSignika||||||||\u00a0\u00bb text_text_color=\u00a0\u00bb#333333&Prime; text_font_size=\u00a0\u00bb16px\u00a0\u00bb text_line_height=\u00a0\u00bb1.9em\u00a0\u00bb header_font=\u00a0\u00bbSignika|700|||||||\u00a0\u00bb header_text_color=\u00a0\u00bb#87aa0c\u00a0\u00bb header_font_size=\u00a0\u00bb48px\u00a0\u00bb header_2_font=\u00a0\u00bbSignika|600|on||||||\u00a0\u00bb header_2_text_align=\u00a0\u00bbcenter\u00a0\u00bb header_2_text_color=\u00a0\u00bb#b1b1b1&Prime; header_2_font_size=\u00a0\u00bb36px\u00a0\u00bb header_2_line_height=\u00a0\u00bb1.3em\u00a0\u00bb header_3_text_color=\u00a0\u00bb#b1b1b1&Prime; header_3_font_size=\u00a0\u00bb28px\u00a0\u00bb text_orientation=\u00a0\u00bbcenter\u00a0\u00bb global_colors_info=\u00a0\u00bb{}\u00a0\u00bb]<\/p>\n<p><strong>Appartement 1<\/strong>: 2 chambres \u00e0 coucher avec grand lit respectivement 2 lits individuels<br \/> <strong>Appartement 2<\/strong>: 2 chambres \u00e0 coucher avec grand lit respectivement 2 lits individuels<br \/> <strong>Appartement 3<\/strong>: 3 chambres \u00e0 coucher desquelles 2 chambre avec grand lit<br \/> (une chambre sans fen\u00eatre) et une chambre avec 3 lits individuels).<\/p>\n<p>[\/et_pb_text][et_pb_text _builder_version=\u00a0\u00bb4.16&Prime; _module_preset=\u00a0\u00bbdefault\u00a0\u00bb text_font=\u00a0\u00bbSignika||||||||\u00a0\u00bb text_text_color=\u00a0\u00bb#333333&Prime; text_font_size=\u00a0\u00bb16px\u00a0\u00bb text_line_height=\u00a0\u00bb1.9em\u00a0\u00bb header_font=\u00a0\u00bbSignika|700|||||||\u00a0\u00bb header_text_color=\u00a0\u00bb#87aa0c\u00a0\u00bb header_font_size=\u00a0\u00bb48px\u00a0\u00bb header_2_font=\u00a0\u00bbSignika|600|on||||||\u00a0\u00bb header_2_text_align=\u00a0\u00bbcenter\u00a0\u00bb header_2_text_color=\u00a0\u00bb#b1b1b1&Prime; header_2_font_size=\u00a0\u00bb36px\u00a0\u00bb header_2_line_height=\u00a0\u00bb1.3em\u00a0\u00bb header_3_text_color=\u00a0\u00bb#b1b1b1&Prime; header_3_font_size=\u00a0\u00bb28px\u00a0\u00bb text_orientation=\u00a0\u00bbcenter\u00a0\u00bb global_colors_info=\u00a0\u00bb{}\u00a0\u00bb]<\/p>\n<p>Les appartements poss\u00e8dent tous de l\u2019acc\u00e8s WIFI gratuit et d\u2019un t\u00e9l\u00e9viseur avec cha\u00eene allemande. Nous pr\u00eatons avec plaisir des libre ainsi que des guides de voyage o\u00f9 trekking. Bien s\u00fbr nous avons aussi des informations r\u00e9gionales et des tuyaux int\u00e9ressants quant aux tours autour de la propri\u00e9t\u00e9 pour vous \u2013 soit sur pied, avec la moto o\u00f9 la voiture. <br \/>Chiens sont bienvenus. L\u2019enclos est tenu tr\u00e8s g\u00e9n\u00e9reux.<br \/> Mais il y a d\u00e9j\u00e0 un chien aimable qui vive dans la maison du propri\u00e9taire. Pour cette raison n\u2019amenez-vous que des chiens pacifiques, s\u2019il vous pla\u00eet. Le jardin est tr\u00e8s \u00e9tendu et ouvert pour tous les jeux, mais il est am\u00e9nag\u00e9 en terrasses de fa\u00e7on que les jeunes enfants aient besoin de surveillance.<\/p>\n<p>[\/et_pb_text][et_pb_text _builder_version=\u00a0\u00bb4.27.5&Prime; _module_preset=\u00a0\u00bbdefault\u00a0\u00bb text_font=\u00a0\u00bbSignika||||||||\u00a0\u00bb text_text_color=\u00a0\u00bb#333333&Prime; text_font_size=\u00a0\u00bb16px\u00a0\u00bb text_line_height=\u00a0\u00bb1.9em\u00a0\u00bb header_font=\u00a0\u00bbSignika|700|||||||\u00a0\u00bb header_text_color=\u00a0\u00bb#87aa0c\u00a0\u00bb header_font_size=\u00a0\u00bb48px\u00a0\u00bb header_2_font=\u00a0\u00bbSignika|600|on||||||\u00a0\u00bb header_2_text_align=\u00a0\u00bbcenter\u00a0\u00bb header_2_text_color=\u00a0\u00bb#b1b1b1&Prime; header_2_font_size=\u00a0\u00bb36px\u00a0\u00bb header_2_line_height=\u00a0\u00bb1.3em\u00a0\u00bb header_3_text_color=\u00a0\u00bb#b1b1b1&Prime; header_3_font_size=\u00a0\u00bb28px\u00a0\u00bb text_orientation=\u00a0\u00bbcenter\u00a0\u00bb hover_enabled=\u00a0\u00bb0&Prime; global_colors_info=\u00a0\u00bb{}\u00a0\u00bb sticky_enabled=\u00a0\u00bb0&Prime;]<\/p>\n<div class=\"elementToProof\"><span>01.01.2026 \u00e0\u00a002.05.2026 630 EUR \/ semaine<\/span><\/div>\n<div class=\"elementToProof\"><span>03.05.2026 \u00e0\u00a031.10.2026 700 EUR \/ semaine<\/span><\/div>\n<div class=\"elementToProof\"><span>01.11.2026 \u00e0\u00a031.12.2026 630 EUR \/ semaine<\/span><\/div>\n<p>[\/et_pb_text][et_pb_text _builder_version=\u00a0\u00bb4.16&Prime; _module_preset=\u00a0\u00bbdefault\u00a0\u00bb text_font=\u00a0\u00bbSignika||||||||\u00a0\u00bb text_text_color=\u00a0\u00bb#333333&Prime; text_font_size=\u00a0\u00bb16px\u00a0\u00bb text_line_height=\u00a0\u00bb1.9em\u00a0\u00bb header_font=\u00a0\u00bbSignika|700|||||||\u00a0\u00bb header_text_color=\u00a0\u00bb#87aa0c\u00a0\u00bb header_font_size=\u00a0\u00bb48px\u00a0\u00bb header_2_font=\u00a0\u00bbSignika|600|on||||||\u00a0\u00bb header_2_text_align=\u00a0\u00bbcenter\u00a0\u00bb header_2_text_color=\u00a0\u00bb#b1b1b1&Prime; header_2_font_size=\u00a0\u00bb36px\u00a0\u00bb header_2_line_height=\u00a0\u00bb1.3em\u00a0\u00bb header_3_text_color=\u00a0\u00bb#b1b1b1&Prime; header_3_font_size=\u00a0\u00bb28px\u00a0\u00bb text_orientation=\u00a0\u00bbcenter\u00a0\u00bb global_colors_info=\u00a0\u00bb{}\u00a0\u00bb]<\/p>\n<p>Les prix valent pour 4 personnes\/semaine, chaque autre personne 10 EUR par jour plus 60 EUR nettoyage de fin de s\u00e9jour<br \/> Chauffage 10 EUR par jour<br \/> Bois de chemin\u00e9e selon la consommation<\/p>\n<p>[\/et_pb_text][\/et_pb_column][\/et_pb_row][\/et_pb_section][et_pb_section fb_built=\u00a0\u00bb1&Prime; admin_label=\u00a0\u00bbFeatures\u00a0\u00bb _builder_version=\u00a0\u00bb4.16&Prime; background_size=\u00a0\u00bbinitial\u00a0\u00bb background_position=\u00a0\u00bbtop_left\u00a0\u00bb custom_margin=\u00a0\u00bb-50px||||false|false\u00a0\u00bb custom_padding=\u00a0\u00bb0px|0px||0px|false|false\u00a0\u00bb saved_tabs=\u00a0\u00bball\u00a0\u00bb collapsed=\u00a0\u00bboff\u00a0\u00bb global_colors_info=\u00a0\u00bb{}\u00a0\u00bb][et_pb_row admin_label=\u00a0\u00bbrow\u00a0\u00bb _builder_version=\u00a0\u00bb4.16&Prime; background_size=\u00a0\u00bbinitial\u00a0\u00bb background_position=\u00a0\u00bbtop_left\u00a0\u00bb background_repeat=\u00a0\u00bbrepeat\u00a0\u00bb custom_padding=\u00a0\u00bb27px|0px|27px|0px\u00a0\u00bb global_colors_info=\u00a0\u00bb{}\u00a0\u00bb][et_pb_column type=\u00a0\u00bb4_4&Prime; _builder_version=\u00a0\u00bb4.16&Prime; custom_padding=\u00a0\u00bb|||\u00a0\u00bb global_colors_info=\u00a0\u00bb{}\u00a0\u00bb custom_padding__hover=\u00a0\u00bb|||\u00a0\u00bb][et_pb_divider show_divider=\u00a0\u00bboff\u00a0\u00bb disabled_on=\u00a0\u00bbon|on|off%22%22%22%22%22&Prime; _builder_version=\u00a0\u00bb4.16&Prime; max_width=\u00a0\u00bb60px\u00a0\u00bb module_alignment=\u00a0\u00bbcenter\u00a0\u00bb custom_margin=\u00a0\u00bb||10px|\u00a0\u00bb locked=\u00a0\u00bboff\u00a0\u00bb global_colors_info=\u00a0\u00bb{}\u00a0\u00bb][\/et_pb_divider][et_pb_text _builder_version=\u00a0\u00bb4.16&Prime; text_font=\u00a0\u00bb||||||||\u00a0\u00bb header_font=\u00a0\u00bb||||||||\u00a0\u00bb header_2_font=\u00a0\u00bbPlayfair Display||||\u00a0\u00bb header_2_text_color=\u00a0\u00bb#87aa0c\u00a0\u00bb header_2_font_size=\u00a0\u00bb48px\u00a0\u00bb header_2_line_height=\u00a0\u00bb1.3em\u00a0\u00bb background_size=\u00a0\u00bbinitial\u00a0\u00bb background_position=\u00a0\u00bbtop_left\u00a0\u00bb background_repeat=\u00a0\u00bbrepeat\u00a0\u00bb text_orientation=\u00a0\u00bbcenter\u00a0\u00bb locked=\u00a0\u00bboff\u00a0\u00bb global_colors_info=\u00a0\u00bb{}\u00a0\u00bb header_font_size__hover=\u00a0\u00bb30px\u00a0\u00bb header_font_size__hover_enabled=\u00a0\u00bb30px\u00a0\u00bb header_letter_spacing__hover=\u00a0\u00bb0px\u00a0\u00bb header_letter_spacing__hover_enabled=\u00a0\u00bb0px\u00a0\u00bb header_text_shadow_style__hover=\u00a0\u00bbnone\u00a0\u00bb header_text_shadow_style__hover_enabled=\u00a0\u00bbnone\u00a0\u00bb header_text_shadow_color__hover=\u00a0\u00bbrgba(0,0,0,0.4)\u00a0\u00bb header_text_shadow_color__hover_enabled=\u00a0\u00bbrgba(0,0,0,0.4)\u00a0\u00bb]<\/p>\n<h2>Highlights<\/h2>\n<p>[\/et_pb_text][\/et_pb_column][\/et_pb_row][et_pb_row column_structure=\u00a0\u00bb1_3,1_3,1_3&Prime; column_padding_mobile=\u00a0\u00bbon\u00a0\u00bb custom_padding_last_edited=\u00a0\u00bbon|phone\u00a0\u00bb _builder_version=\u00a0\u00bb4.16&Prime; background_size=\u00a0\u00bbinitial\u00a0\u00bb background_position=\u00a0\u00bbtop_left\u00a0\u00bb background_repeat=\u00a0\u00bbrepeat\u00a0\u00bb max_width=\u00a0\u00bb1280px\u00a0\u00bb custom_padding=\u00a0\u00bb27px|0px|27px|0px\u00a0\u00bb custom_padding_tablet=\u00a0\u00bb49px|||\u00a0\u00bb custom_padding_phone=\u00a0\u00bb19px|||\u00a0\u00bb use_custom_width=\u00a0\u00bbon\u00a0\u00bb custom_width_px=\u00a0\u00bb1280px\u00a0\u00bb locked=\u00a0\u00bboff\u00a0\u00bb global_colors_info=\u00a0\u00bb{}\u00a0\u00bb][et_pb_column type=\u00a0\u00bb1_3&Prime; _builder_version=\u00a0\u00bb4.16&Prime; custom_padding=\u00a0\u00bb|||\u00a0\u00bb global_colors_info=\u00a0\u00bb{}\u00a0\u00bb custom_padding__hover=\u00a0\u00bb|||\u00a0\u00bb][et_pb_blurb title=\u00a0\u00bbOffres sp\u00e9ciales\u00a0\u00bb use_icon=\u00a0\u00bbon\u00a0\u00bb font_icon=\u00a0\u00bb&#xe023;||divi||400&Prime; icon_color=\u00a0\u00bb#87aa0e\u00a0\u00bb image_icon_width=\u00a0\u00bb64px\u00a0\u00bb _builder_version=\u00a0\u00bb4.16&Prime; header_font=\u00a0\u00bbSignika|600|||||||\u00a0\u00bb header_text_color=\u00a0\u00bb#B1B1B1&Prime; header_font_size=\u00a0\u00bb24px\u00a0\u00bb header_line_height=\u00a0\u00bb1.7em\u00a0\u00bb body_font=\u00a0\u00bbSignika||||||||\u00a0\u00bb body_text_color=\u00a0\u00bb#333333&Prime; body_font_size=\u00a0\u00bb17px\u00a0\u00bb body_line_height=\u00a0\u00bb1.8em\u00a0\u00bb background_size=\u00a0\u00bbinitial\u00a0\u00bb background_position=\u00a0\u00bbtop_left\u00a0\u00bb background_repeat=\u00a0\u00bbrepeat\u00a0\u00bb text_orientation=\u00a0\u00bbcenter\u00a0\u00bb icon_font_size=\u00a0\u00bb64px\u00a0\u00bb global_colors_info=\u00a0\u00bb{}\u00a0\u00bb]<\/p>\n<p>En fonction de la saison, nous proposons certaines semaines \u00e0 th\u00e8me, de la r\u00e9colte des olives \u00e0 la semaine du yoga, tout est possible !<\/p>\n<p>[\/et_pb_blurb][\/et_pb_column][et_pb_column type=\u00a0\u00bb1_3&Prime; _builder_version=\u00a0\u00bb4.16&Prime; custom_padding=\u00a0\u00bb|||\u00a0\u00bb global_colors_info=\u00a0\u00bb{}\u00a0\u00bb custom_padding__hover=\u00a0\u00bb|||\u00a0\u00bb][et_pb_blurb title=\u00a0\u00bbVisites de groupes\u00a0\u00bb use_icon=\u00a0\u00bbon\u00a0\u00bb font_icon=\u00a0\u00bb&#xe08b;||divi||400&Prime; icon_color=\u00a0\u00bb#87aa0e\u00a0\u00bb image_icon_width=\u00a0\u00bb64px\u00a0\u00bb _builder_version=\u00a0\u00bb4.16&Prime; header_font=\u00a0\u00bbSignika|600|||||||\u00a0\u00bb header_text_color=\u00a0\u00bb#B1B1B1&Prime; header_font_size=\u00a0\u00bb24px\u00a0\u00bb header_line_height=\u00a0\u00bb1.7em\u00a0\u00bb body_font=\u00a0\u00bbSignika||||||||\u00a0\u00bb body_text_color=\u00a0\u00bb#333333&Prime; body_font_size=\u00a0\u00bb17px\u00a0\u00bb body_line_height=\u00a0\u00bb1.8em\u00a0\u00bb background_size=\u00a0\u00bbinitial\u00a0\u00bb background_position=\u00a0\u00bbtop_left\u00a0\u00bb background_repeat=\u00a0\u00bbrepeat\u00a0\u00bb text_orientation=\u00a0\u00bbcenter\u00a0\u00bb icon_font_size=\u00a0\u00bb64px\u00a0\u00bb locked=\u00a0\u00bboff\u00a0\u00bb global_colors_info=\u00a0\u00bb{}\u00a0\u00bb]<\/p>\n<p>Que ce soit pour les groupes, les amis du sport, les personnes handicap\u00e9es ou les clubs canins, nous trouverons la bonne solution !<\/p>\n<p>[\/et_pb_blurb][et_pb_button button_url=\u00a0\u00bbhttp:\/\/www.casa-capinera.it\/fr\/contact-2\/\u00a0\u00bb button_text=\u00a0\u00bbDemandes de renseignements\u00a0\u00bb button_alignment=\u00a0\u00bbcenter\u00a0\u00bb _builder_version=\u00a0\u00bb4.16&Prime; _module_preset=\u00a0\u00bbdefault\u00a0\u00bb custom_button=\u00a0\u00bbon\u00a0\u00bb button_text_color=\u00a0\u00bb#87aa0e\u00a0\u00bb button_font=\u00a0\u00bbSignika|600|||||||\u00a0\u00bb locked=\u00a0\u00bboff\u00a0\u00bb global_colors_info=\u00a0\u00bb{}\u00a0\u00bb][\/et_pb_button][\/et_pb_column][et_pb_column type=\u00a0\u00bb1_3&Prime; _builder_version=\u00a0\u00bb4.16&Prime; custom_padding=\u00a0\u00bb|||\u00a0\u00bb global_colors_info=\u00a0\u00bb{}\u00a0\u00bb custom_padding__hover=\u00a0\u00bb|||\u00a0\u00bb][et_pb_blurb title=\u00a0\u00bbF\u00eates\u00a0\u00bb use_icon=\u00a0\u00bbon\u00a0\u00bb font_icon=\u00a0\u00bb&#xe611;||divi||400&Prime; icon_color=\u00a0\u00bb#87aa0e\u00a0\u00bb image_icon_width=\u00a0\u00bb64px\u00a0\u00bb _builder_version=\u00a0\u00bb4.16&Prime; header_font=\u00a0\u00bbSignika|600|||||||\u00a0\u00bb header_text_color=\u00a0\u00bb#B1B1B1&Prime; header_font_size=\u00a0\u00bb24px\u00a0\u00bb header_line_height=\u00a0\u00bb1.7em\u00a0\u00bb body_font=\u00a0\u00bbSignika||||||||\u00a0\u00bb body_text_color=\u00a0\u00bb#333333&Prime; body_font_size=\u00a0\u00bb17px\u00a0\u00bb body_line_height=\u00a0\u00bb1.8em\u00a0\u00bb background_size=\u00a0\u00bbinitial\u00a0\u00bb background_position=\u00a0\u00bbtop_left\u00a0\u00bb background_repeat=\u00a0\u00bbrepeat\u00a0\u00bb text_orientation=\u00a0\u00bbcenter\u00a0\u00bb icon_font_size=\u00a0\u00bb64px\u00a0\u00bb locked=\u00a0\u00bboff\u00a0\u00bb global_colors_info=\u00a0\u00bb{}\u00a0\u00bb]Nous serions heureux d&rsquo;organiser votre anniversaire, votre mariage ou votre bapt\u00eame avec nous, y compris l&rsquo;h\u00e9bergement, la nourriture et les divertissements.[\/et_pb_blurb][\/et_pb_column][\/et_pb_row][\/et_pb_section]<\/p>\n","protected":false},"excerpt":{"rendered":"<p>&nbsp; &nbsp;\u00catre \u00e0 l\u2019aise d\u00e8s le d\u00e9but Confortablement et tendrement \u00e9tabli Les trois appartements de la Casa Capinera ont respectivement 2 o\u00f9 bien 3 chambres avec grand lit o\u00f9 lits individuels et une vue incomparable sur le vert, un s\u00e9jour confortable avec une cuisine int\u00e9gr\u00e9e, un sofa, un table de salle \u00e0 manger et un [&hellip;]<\/p>\n","protected":false},"author":2,"featured_media":0,"parent":0,"menu_order":0,"comment_status":"closed","ping_status":"closed","template":"","meta":{"_et_pb_use_builder":"on","_et_pb_old_content":"","_et_gb_content_width":"","footnotes":""},"class_list":["post-1210","page","type-page","status-publish","hentry"],"yoast_head":"<!-- This site is optimized with the Yoast SEO plugin v27.4 - https:\/\/yoast.com\/product\/yoast-seo-wordpress\/ -->\n<title>Habiter - Casa Capinera<\/title>\n<meta name=\"robots\" content=\"index, follow, max-snippet:-1, max-image-preview:large, max-video-preview:-1\" \/>\n<link rel=\"canonical\" href=\"https:\/\/www.casa-capinera.it\/it\/abitare-2\/\" \/>\n<meta property=\"og:locale\" content=\"fr_FR\" \/>\n<meta property=\"og:type\" content=\"article\" \/>\n<meta property=\"og:title\" content=\"Habiter - Casa Capinera\" \/>\n<meta property=\"og:description\" content=\"&nbsp; &nbsp;\u00catre \u00e0 l\u2019aise d\u00e8s le d\u00e9but Confortablement et tendrement \u00e9tabli Les trois appartements de la Casa Capinera ont respectivement 2 o\u00f9 bien 3 chambres avec grand lit o\u00f9 lits individuels et une vue incomparable sur le vert, un s\u00e9jour confortable avec une cuisine int\u00e9gr\u00e9e, un sofa, un table de salle \u00e0 manger et un [&hellip;]\" \/>\n<meta property=\"og:url\" content=\"https:\/\/www.casa-capinera.it\/it\/abitare-2\/\" \/>\n<meta property=\"og:site_name\" content=\"Casa Capinera\" \/>\n<meta property=\"article:modified_time\" content=\"2025-12-30T17:04:55+00:00\" \/>\n<meta name=\"twitter:label1\" content=\"Dur\u00e9e de lecture estim\u00e9e\" \/>\n\t<meta name=\"twitter:data1\" content=\"9 minutes\" \/>\n<script type=\"application\/ld+json\" class=\"yoast-schema-graph\">{\"@context\":\"https:\\\/\\\/schema.org\",\"@graph\":[{\"@type\":\"WebPage\",\"@id\":\"https:\\\/\\\/www.casa-capinera.it\\\/it\\\/abitare-2\\\/\",\"url\":\"https:\\\/\\\/www.casa-capinera.it\\\/it\\\/abitare-2\\\/\",\"name\":\"Habiter - Casa Capinera\",\"isPartOf\":{\"@id\":\"https:\\\/\\\/www.casa-capinera.it\\\/#website\"},\"datePublished\":\"2020-11-22T15:49:08+00:00\",\"dateModified\":\"2025-12-30T17:04:55+00:00\",\"breadcrumb\":{\"@id\":\"https:\\\/\\\/www.casa-capinera.it\\\/it\\\/abitare-2\\\/#breadcrumb\"},\"inLanguage\":\"fr-FR\",\"potentialAction\":[{\"@type\":\"ReadAction\",\"target\":[\"https:\\\/\\\/www.casa-capinera.it\\\/it\\\/abitare-2\\\/\"]}]},{\"@type\":\"BreadcrumbList\",\"@id\":\"https:\\\/\\\/www.casa-capinera.it\\\/it\\\/abitare-2\\\/#breadcrumb\",\"itemListElement\":[{\"@type\":\"ListItem\",\"position\":1,\"name\":\"Home\",\"item\":\"https:\\\/\\\/www.casa-capinera.it\\\/fr\\\/\"},{\"@type\":\"ListItem\",\"position\":2,\"name\":\"Habiter\"}]},{\"@type\":\"WebSite\",\"@id\":\"https:\\\/\\\/www.casa-capinera.it\\\/#website\",\"url\":\"https:\\\/\\\/www.casa-capinera.it\\\/\",\"name\":\"Casa Capinera\",\"description\":\"Traumurlaub in den ligurischen Bergen\",\"potentialAction\":[{\"@type\":\"SearchAction\",\"target\":{\"@type\":\"EntryPoint\",\"urlTemplate\":\"https:\\\/\\\/www.casa-capinera.it\\\/?s={search_term_string}\"},\"query-input\":{\"@type\":\"PropertyValueSpecification\",\"valueRequired\":true,\"valueName\":\"search_term_string\"}}],\"inLanguage\":\"fr-FR\"}]}<\/script>\n<!-- \/ Yoast SEO plugin. -->","yoast_head_json":{"title":"Habiter - Casa Capinera","robots":{"index":"index","follow":"follow","max-snippet":"max-snippet:-1","max-image-preview":"max-image-preview:large","max-video-preview":"max-video-preview:-1"},"canonical":"https:\/\/www.casa-capinera.it\/it\/abitare-2\/","og_locale":"fr_FR","og_type":"article","og_title":"Habiter - Casa Capinera","og_description":"&nbsp; &nbsp;\u00catre \u00e0 l\u2019aise d\u00e8s le d\u00e9but Confortablement et tendrement \u00e9tabli Les trois appartements de la Casa Capinera ont respectivement 2 o\u00f9 bien 3 chambres avec grand lit o\u00f9 lits individuels et une vue incomparable sur le vert, un s\u00e9jour confortable avec une cuisine int\u00e9gr\u00e9e, un sofa, un table de salle \u00e0 manger et un [&hellip;]","og_url":"https:\/\/www.casa-capinera.it\/it\/abitare-2\/","og_site_name":"Casa Capinera","article_modified_time":"2025-12-30T17:04:55+00:00","twitter_misc":{"Dur\u00e9e de lecture estim\u00e9e":"9 minutes"},"schema":{"@context":"https:\/\/schema.org","@graph":[{"@type":"WebPage","@id":"https:\/\/www.casa-capinera.it\/it\/abitare-2\/","url":"https:\/\/www.casa-capinera.it\/it\/abitare-2\/","name":"Habiter - Casa Capinera","isPartOf":{"@id":"https:\/\/www.casa-capinera.it\/#website"},"datePublished":"2020-11-22T15:49:08+00:00","dateModified":"2025-12-30T17:04:55+00:00","breadcrumb":{"@id":"https:\/\/www.casa-capinera.it\/it\/abitare-2\/#breadcrumb"},"inLanguage":"fr-FR","potentialAction":[{"@type":"ReadAction","target":["https:\/\/www.casa-capinera.it\/it\/abitare-2\/"]}]},{"@type":"BreadcrumbList","@id":"https:\/\/www.casa-capinera.it\/it\/abitare-2\/#breadcrumb","itemListElement":[{"@type":"ListItem","position":1,"name":"Home","item":"https:\/\/www.casa-capinera.it\/fr\/"},{"@type":"ListItem","position":2,"name":"Habiter"}]},{"@type":"WebSite","@id":"https:\/\/www.casa-capinera.it\/#website","url":"https:\/\/www.casa-capinera.it\/","name":"Casa Capinera","description":"Traumurlaub in den ligurischen Bergen","potentialAction":[{"@type":"SearchAction","target":{"@type":"EntryPoint","urlTemplate":"https:\/\/www.casa-capinera.it\/?s={search_term_string}"},"query-input":{"@type":"PropertyValueSpecification","valueRequired":true,"valueName":"search_term_string"}}],"inLanguage":"fr-FR"}]}},"_links":{"self":[{"href":"https:\/\/www.casa-capinera.it\/fr\/wp-json\/wp\/v2\/pages\/1210","targetHints":{"allow":["GET"]}}],"collection":[{"href":"https:\/\/www.casa-capinera.it\/fr\/wp-json\/wp\/v2\/pages"}],"about":[{"href":"https:\/\/www.casa-capinera.it\/fr\/wp-json\/wp\/v2\/types\/page"}],"author":[{"embeddable":true,"href":"https:\/\/www.casa-capinera.it\/fr\/wp-json\/wp\/v2\/users\/2"}],"replies":[{"embeddable":true,"href":"https:\/\/www.casa-capinera.it\/fr\/wp-json\/wp\/v2\/comments?post=1210"}],"version-history":[{"count":16,"href":"https:\/\/www.casa-capinera.it\/fr\/wp-json\/wp\/v2\/pages\/1210\/revisions"}],"predecessor-version":[{"id":2628,"href":"https:\/\/www.casa-capinera.it\/fr\/wp-json\/wp\/v2\/pages\/1210\/revisions\/2628"}],"wp:attachment":[{"href":"https:\/\/www.casa-capinera.it\/fr\/wp-json\/wp\/v2\/media?parent=1210"}],"curies":[{"name":"wp","href":"https:\/\/api.w.org\/{rel}","templated":true}]}}