{"id":466,"date":"2015-11-23T10:27:30","date_gmt":"2015-11-23T10:27:30","guid":{"rendered":"http:\/\/www.casa-capinera.it\/?page_id=466"},"modified":"2019-09-04T11:20:58","modified_gmt":"2019-09-04T11:20:58","slug":"habiter","status":"publish","type":"page","link":"https:\/\/www.casa-capinera.it\/fr\/habiter\/","title":{"rendered":"Habiter"},"content":{"rendered":"<h1>Habiter &#8211; \u00catre \u00e0 l\u2019aise d\u00e8s le d\u00e9but<\/h1>\n<h2>Confortablement et tendrement \u00e9tabli<\/h2>\n<p>Les trois appartements de la Casa Capinera ont respectivement 2 o\u00f9 bien 3 chambres avec grand lit o\u00f9 lits individuels et une vue incomparable sur le vert, un s\u00e9jour confortable avec une cuisine int\u00e9gr\u00e9e, un sofa, un table de salle \u00e0 manger et un po\u00eale \u00e0 bois antique ainsi que une salle de bains avec une cabine de douche et un bidet. Tous les appartements sont \u00e9quip\u00e9s avec des draps et des serviettes.<\/p>\n\n\t\t<style type=\"text\/css\">\n\t\t\t#gallery-1 {\n\t\t\t\tmargin: auto;\n\t\t\t}\n\t\t\t#gallery-1 .gallery-item {\n\t\t\t\tfloat: left;\n\t\t\t\tmargin-top: 10px;\n\t\t\t\ttext-align: center;\n\t\t\t\twidth: 33%;\n\t\t\t}\n\t\t\t#gallery-1 img {\n\t\t\t\tborder: 2px solid #cfcfcf;\n\t\t\t}\n\t\t\t#gallery-1 .gallery-caption {\n\t\t\t\tmargin-left: 0;\n\t\t\t}\n\t\t\t\/* see gallery_shortcode() in wp-includes\/media.php *\/\n\t\t<\/style>\n\t\t<div id='gallery-1' class='gallery galleryid-466 gallery-columns-3 gallery-size-full'><dl class='gallery-item'>\n\t\t\t<dt class='gallery-icon landscape'>\n\t\t\t\t<a href='https:\/\/www.casa-capinera.it\/wp-content\/uploads\/2015\/02\/pavillons.jpg'><img loading=\"lazy\" decoding=\"async\" width=\"886\" height=\"593\" src=\"https:\/\/www.casa-capinera.it\/wp-content\/uploads\/2015\/02\/pavillons.jpg\" class=\"attachment-full size-full\" alt=\"\" srcset=\"https:\/\/www.casa-capinera.it\/wp-content\/uploads\/2015\/02\/pavillons.jpg 886w, https:\/\/www.casa-capinera.it\/wp-content\/uploads\/2015\/02\/pavillons-300x201.jpg 300w\" sizes=\"(max-width: 886px) 100vw, 886px\" \/><\/a>\n\t\t\t<\/dt><\/dl><dl class='gallery-item'>\n\t\t\t<dt class='gallery-icon landscape'>\n\t\t\t\t<a href='https:\/\/www.casa-capinera.it\/wp-content\/uploads\/2015\/02\/wohnen-wohnzimmer-2.jpg'><img loading=\"lazy\" decoding=\"async\" width=\"1000\" height=\"670\" src=\"https:\/\/www.casa-capinera.it\/wp-content\/uploads\/2015\/02\/wohnen-wohnzimmer-2.jpg\" class=\"attachment-full size-full\" alt=\"\" srcset=\"https:\/\/www.casa-capinera.it\/wp-content\/uploads\/2015\/02\/wohnen-wohnzimmer-2.jpg 1000w, https:\/\/www.casa-capinera.it\/wp-content\/uploads\/2015\/02\/wohnen-wohnzimmer-2-300x201.jpg 300w\" sizes=\"(max-width: 1000px) 100vw, 1000px\" \/><\/a>\n\t\t\t<\/dt><\/dl><dl class='gallery-item'>\n\t\t\t<dt class='gallery-icon landscape'>\n\t\t\t\t<a href='https:\/\/www.casa-capinera.it\/wp-content\/uploads\/2015\/02\/bett_salice_1.jpg'><img loading=\"lazy\" decoding=\"async\" width=\"882\" height=\"591\" src=\"https:\/\/www.casa-capinera.it\/wp-content\/uploads\/2015\/02\/bett_salice_1.jpg\" class=\"attachment-full size-full\" alt=\"\" srcset=\"https:\/\/www.casa-capinera.it\/wp-content\/uploads\/2015\/02\/bett_salice_1.jpg 882w, https:\/\/www.casa-capinera.it\/wp-content\/uploads\/2015\/02\/bett_salice_1-300x201.jpg 300w\" sizes=\"(max-width: 882px) 100vw, 882px\" \/><\/a>\n\t\t\t<\/dt><\/dl><br style=\"clear: both\" \/><dl class='gallery-item'>\n\t\t\t<dt class='gallery-icon landscape'>\n\t\t\t\t<a href='https:\/\/www.casa-capinera.it\/wp-content\/uploads\/2015\/02\/casa_ganz.jpg'><img loading=\"lazy\" decoding=\"async\" width=\"886\" height=\"593\" src=\"https:\/\/www.casa-capinera.it\/wp-content\/uploads\/2015\/02\/casa_ganz.jpg\" class=\"attachment-full size-full\" alt=\"\" srcset=\"https:\/\/www.casa-capinera.it\/wp-content\/uploads\/2015\/02\/casa_ganz.jpg 886w, https:\/\/www.casa-capinera.it\/wp-content\/uploads\/2015\/02\/casa_ganz-300x201.jpg 300w\" sizes=\"(max-width: 886px) 100vw, 886px\" \/><\/a>\n\t\t\t<\/dt><\/dl><dl class='gallery-item'>\n\t\t\t<dt class='gallery-icon landscape'>\n\t\t\t\t<a href='https:\/\/www.casa-capinera.it\/wp-content\/uploads\/2015\/02\/im_gruenen.jpg'><img loading=\"lazy\" decoding=\"async\" width=\"886\" height=\"593\" src=\"https:\/\/www.casa-capinera.it\/wp-content\/uploads\/2015\/02\/im_gruenen.jpg\" class=\"attachment-full size-full\" alt=\"\" srcset=\"https:\/\/www.casa-capinera.it\/wp-content\/uploads\/2015\/02\/im_gruenen.jpg 886w, https:\/\/www.casa-capinera.it\/wp-content\/uploads\/2015\/02\/im_gruenen-300x201.jpg 300w\" sizes=\"(max-width: 886px) 100vw, 886px\" \/><\/a>\n\t\t\t<\/dt><\/dl><dl class='gallery-item'>\n\t\t\t<dt class='gallery-icon landscape'>\n\t\t\t\t<a href='https:\/\/www.casa-capinera.it\/wp-content\/uploads\/2015\/02\/kinderzimmer_salice_4.jpg'><img loading=\"lazy\" decoding=\"async\" width=\"978\" height=\"472\" src=\"https:\/\/www.casa-capinera.it\/wp-content\/uploads\/2015\/02\/kinderzimmer_salice_4.jpg\" class=\"attachment-full size-full\" alt=\"\" srcset=\"https:\/\/www.casa-capinera.it\/wp-content\/uploads\/2015\/02\/kinderzimmer_salice_4.jpg 978w, https:\/\/www.casa-capinera.it\/wp-content\/uploads\/2015\/02\/kinderzimmer_salice_4-300x145.jpg 300w\" sizes=\"(max-width: 978px) 100vw, 978px\" \/><\/a>\n\t\t\t<\/dt><\/dl><br style=\"clear: both\" \/><dl class='gallery-item'>\n\t\t\t<dt class='gallery-icon landscape'>\n\t\t\t\t<a href='https:\/\/www.casa-capinera.it\/wp-content\/uploads\/2015\/02\/kinderzimmer_salice_5.jpg'><img loading=\"lazy\" decoding=\"async\" width=\"886\" height=\"593\" src=\"https:\/\/www.casa-capinera.it\/wp-content\/uploads\/2015\/02\/kinderzimmer_salice_5.jpg\" class=\"attachment-full size-full\" alt=\"\" srcset=\"https:\/\/www.casa-capinera.it\/wp-content\/uploads\/2015\/02\/kinderzimmer_salice_5.jpg 886w, https:\/\/www.casa-capinera.it\/wp-content\/uploads\/2015\/02\/kinderzimmer_salice_5-300x201.jpg 300w\" sizes=\"(max-width: 886px) 100vw, 886px\" \/><\/a>\n\t\t\t<\/dt><\/dl><dl class='gallery-item'>\n\t\t\t<dt class='gallery-icon landscape'>\n\t\t\t\t<a href='https:\/\/www.casa-capinera.it\/wp-content\/uploads\/2015\/02\/kinderzimmer_salice_6.jpg'><img loading=\"lazy\" decoding=\"async\" width=\"835\" height=\"648\" src=\"https:\/\/www.casa-capinera.it\/wp-content\/uploads\/2015\/02\/kinderzimmer_salice_6.jpg\" class=\"attachment-full size-full\" alt=\"\" srcset=\"https:\/\/www.casa-capinera.it\/wp-content\/uploads\/2015\/02\/kinderzimmer_salice_6.jpg 835w, https:\/\/www.casa-capinera.it\/wp-content\/uploads\/2015\/02\/kinderzimmer_salice_6-300x233.jpg 300w\" sizes=\"(max-width: 835px) 100vw, 835px\" \/><\/a>\n\t\t\t<\/dt><\/dl><dl class='gallery-item'>\n\t\t\t<dt class='gallery-icon landscape'>\n\t\t\t\t<a href='https:\/\/www.casa-capinera.it\/wp-content\/uploads\/2015\/02\/kinderzimmer_salice_7.jpg'><img loading=\"lazy\" decoding=\"async\" width=\"886\" height=\"593\" src=\"https:\/\/www.casa-capinera.it\/wp-content\/uploads\/2015\/02\/kinderzimmer_salice_7.jpg\" class=\"attachment-full size-full\" alt=\"\" srcset=\"https:\/\/www.casa-capinera.it\/wp-content\/uploads\/2015\/02\/kinderzimmer_salice_7.jpg 886w, https:\/\/www.casa-capinera.it\/wp-content\/uploads\/2015\/02\/kinderzimmer_salice_7-300x201.jpg 300w\" sizes=\"(max-width: 886px) 100vw, 886px\" \/><\/a>\n\t\t\t<\/dt><\/dl><br style=\"clear: both\" \/><dl class='gallery-item'>\n\t\t\t<dt class='gallery-icon landscape'>\n\t\t\t\t<a href='https:\/\/www.casa-capinera.it\/wp-content\/uploads\/2015\/02\/pavillon_rondine.jpg'><img loading=\"lazy\" decoding=\"async\" width=\"886\" height=\"593\" src=\"https:\/\/www.casa-capinera.it\/wp-content\/uploads\/2015\/02\/pavillon_rondine.jpg\" class=\"attachment-full size-full\" alt=\"\" srcset=\"https:\/\/www.casa-capinera.it\/wp-content\/uploads\/2015\/02\/pavillon_rondine.jpg 886w, https:\/\/www.casa-capinera.it\/wp-content\/uploads\/2015\/02\/pavillon_rondine-300x201.jpg 300w\" sizes=\"(max-width: 886px) 100vw, 886px\" \/><\/a>\n\t\t\t<\/dt><\/dl><dl class='gallery-item'>\n\t\t\t<dt class='gallery-icon landscape'>\n\t\t\t\t<a href='https:\/\/www.casa-capinera.it\/wp-content\/uploads\/2015\/02\/schaukel.jpg'><img loading=\"lazy\" decoding=\"async\" width=\"886\" height=\"593\" src=\"https:\/\/www.casa-capinera.it\/wp-content\/uploads\/2015\/02\/schaukel.jpg\" class=\"attachment-full size-full\" alt=\"\" srcset=\"https:\/\/www.casa-capinera.it\/wp-content\/uploads\/2015\/02\/schaukel.jpg 886w, https:\/\/www.casa-capinera.it\/wp-content\/uploads\/2015\/02\/schaukel-300x201.jpg 300w\" sizes=\"(max-width: 886px) 100vw, 886px\" \/><\/a>\n\t\t\t<\/dt><\/dl><dl class='gallery-item'>\n\t\t\t<dt class='gallery-icon landscape'>\n\t\t\t\t<a href='https:\/\/www.casa-capinera.it\/wp-content\/uploads\/2015\/02\/schlafzimmer_iris.jpg'><img loading=\"lazy\" decoding=\"async\" width=\"886\" height=\"593\" src=\"https:\/\/www.casa-capinera.it\/wp-content\/uploads\/2015\/02\/schlafzimmer_iris.jpg\" class=\"attachment-full size-full\" alt=\"\" srcset=\"https:\/\/www.casa-capinera.it\/wp-content\/uploads\/2015\/02\/schlafzimmer_iris.jpg 886w, https:\/\/www.casa-capinera.it\/wp-content\/uploads\/2015\/02\/schlafzimmer_iris-300x201.jpg 300w\" sizes=\"(max-width: 886px) 100vw, 886px\" \/><\/a>\n\t\t\t<\/dt><\/dl><br style=\"clear: both\" \/><dl class='gallery-item'>\n\t\t\t<dt class='gallery-icon landscape'>\n\t\t\t\t<a href='https:\/\/www.casa-capinera.it\/wp-content\/uploads\/2015\/02\/terrasse_salice.jpg'><img loading=\"lazy\" decoding=\"async\" width=\"886\" height=\"591\" src=\"https:\/\/www.casa-capinera.it\/wp-content\/uploads\/2015\/02\/terrasse_salice.jpg\" class=\"attachment-full size-full\" alt=\"\" srcset=\"https:\/\/www.casa-capinera.it\/wp-content\/uploads\/2015\/02\/terrasse_salice.jpg 886w, https:\/\/www.casa-capinera.it\/wp-content\/uploads\/2015\/02\/terrasse_salice-300x200.jpg 300w\" sizes=\"(max-width: 886px) 100vw, 886px\" \/><\/a>\n\t\t\t<\/dt><\/dl><dl class='gallery-item'>\n\t\t\t<dt class='gallery-icon landscape'>\n\t\t\t\t<a href='https:\/\/www.casa-capinera.it\/wp-content\/uploads\/2015\/02\/tisch_draussen_salice.jpg'><img loading=\"lazy\" decoding=\"async\" width=\"886\" height=\"593\" src=\"https:\/\/www.casa-capinera.it\/wp-content\/uploads\/2015\/02\/tisch_draussen_salice.jpg\" class=\"attachment-full size-full\" alt=\"\" srcset=\"https:\/\/www.casa-capinera.it\/wp-content\/uploads\/2015\/02\/tisch_draussen_salice.jpg 886w, https:\/\/www.casa-capinera.it\/wp-content\/uploads\/2015\/02\/tisch_draussen_salice-300x201.jpg 300w\" sizes=\"(max-width: 886px) 100vw, 886px\" \/><\/a>\n\t\t\t<\/dt><\/dl><dl class='gallery-item'>\n\t\t\t<dt class='gallery-icon landscape'>\n\t\t\t\t<a href='https:\/\/www.casa-capinera.it\/wp-content\/uploads\/2015\/02\/wohnraum_salice_2.jpg'><img loading=\"lazy\" decoding=\"async\" width=\"882\" height=\"591\" src=\"https:\/\/www.casa-capinera.it\/wp-content\/uploads\/2015\/02\/wohnraum_salice_2.jpg\" class=\"attachment-full size-full\" alt=\"\" srcset=\"https:\/\/www.casa-capinera.it\/wp-content\/uploads\/2015\/02\/wohnraum_salice_2.jpg 882w, https:\/\/www.casa-capinera.it\/wp-content\/uploads\/2015\/02\/wohnraum_salice_2-300x201.jpg 300w\" sizes=\"(max-width: 882px) 100vw, 882px\" \/><\/a>\n\t\t\t<\/dt><\/dl><br style=\"clear: both\" \/><dl class='gallery-item'>\n\t\t\t<dt class='gallery-icon landscape'>\n\t\t\t\t<a href='https:\/\/www.casa-capinera.it\/wp-content\/uploads\/2015\/02\/ausblick.jpg'><img loading=\"lazy\" decoding=\"async\" width=\"1936\" height=\"1296\" src=\"https:\/\/www.casa-capinera.it\/wp-content\/uploads\/2015\/02\/ausblick.jpg\" class=\"attachment-full size-full\" alt=\"\" srcset=\"https:\/\/www.casa-capinera.it\/wp-content\/uploads\/2015\/02\/ausblick.jpg 1936w, https:\/\/www.casa-capinera.it\/wp-content\/uploads\/2015\/02\/ausblick-300x201.jpg 300w, https:\/\/www.casa-capinera.it\/wp-content\/uploads\/2015\/02\/ausblick-1024x685.jpg 1024w\" sizes=\"(max-width: 1936px) 100vw, 1936px\" \/><\/a>\n\t\t\t<\/dt><\/dl>\n\t\t\t<br style='clear: both' \/>\n\t\t<\/div>\n\n<p><strong>Appartement 1<\/strong>: 2 chambre \u00e0 coucher avec grand lit respectivement 2 lits individuels<br \/>\n<strong>Appartement 2<\/strong>: 2 chambre \u00e0 coucher avec grand lit respectivement 2 lits individuels<br \/>\n<strong>Appartement 3<\/strong>: 3 chambre \u00e0 coucher desquelles 2 chambre avec grand lit<br \/>\n(une chambre sans fen\u00eatre) et une chambre avec 2 lits individuels<\/p>\n<p>[trenner]<\/p>\n<p>Les appartements poss\u00e8dent tous de l\u2019acc\u00e8s WIFI gratuit et d\u2019un t\u00e9l\u00e9viseur avec cha\u00eene allemande. Nous pr\u00eatons avec plaisir des libre ainsi que des guides de voyage o\u00f9 trekking. Bien s\u00fbr nous avons aussi des informations r\u00e9gionales et des tuyaux int\u00e9ressants quant aux tours autour de la propri\u00e9t\u00e9 pour vous \u2013 soit sur pied, avec la moto o\u00f9 la voiture.<\/p>\n<p>[trenner]<\/p>\n<p>Chiens sont bienvenus. L\u2019enclos est tenu tr\u00e8s g\u00e9n\u00e9reux. Mais il y a d\u00e9j\u00e0 un chien aimable qui vive dans la maison du propri\u00e9taire. Pour cette raison n\u2019amenez-vous que des chiens pacifiques, s\u2019il vous pla\u00eet. Le jardin est tr\u00e8s \u00e9tendu et ouvert pour tous les jeux, mais il est am\u00e9nag\u00e9 en terrasses de fa\u00e7on que les jeunes enfants aient besoin de surveillance.<\/p>\n<p>[trenner]<\/p>\n<p>[rows]<br \/>\n[row-dark]<strong>Basse saison<\/strong> 07.09.19 &#8211; 05.10.19 [arrow] 7 nuits [arrow] 470 EUR[endrow]<br \/>\n[row-light]<strong>Arri\u00e8re saison<\/strong> 05.10.19 &#8211; 31.12.19 [arrow] 7 nuits [arrow] 370 EUR[endrow]<br \/>\n[row-light]<strong>Avant-saison<\/strong> 01.01.20 &#8211; 30.05.20 [arrow] 7 nuits [arrow] 370 EUR[endrow]<br \/>\n[row-dark]<strong>Basse saison<\/strong> 30.05.20 &#8211; 04.07.20 [arrow] 7 nuits [arrow] 470\u00a0EUR[endrow]<br \/>\n[row-light]<strong>Haute saison<\/strong> 04.07.20 &#8211; 12.09.20 [arrow] 7 nuits [arrow] 570 EUR[endrow]<br \/>\n[row-dark]<strong>Basse saison<\/strong> 12.09.20 &#8211; 10.10.20 [arrow] 7 nuits [arrow] 470 EUR[endrow]<br \/>\n[row-light]<strong>Arri\u00e8re saison<\/strong> 10.10.20 &#8211; 31.12.20 [arrow] 7 nuits [arrow] 370 EUR[endrow]<br \/>\n[endrows]<\/p>\n<p>Les prix valent pour 4 personnes, chaque autre personne 10 EUR par jour plus 60 EUR nettoyage de fin de s\u00e9jour<br \/>\n[arrow] chiens s\u00e9journer gratuitement [arrow] chauffage 10 EUR par jour [arrow] bois de chemin\u00e9e selon la consommation<\/p>\n","protected":false},"excerpt":{"rendered":"<p>Habiter &#8211; \u00catre \u00e0 l\u2019aise d\u00e8s le d\u00e9but Confortablement et tendrement \u00e9tabli Les trois appartements de la Casa Capinera ont respectivement 2 o\u00f9 bien 3 chambres avec grand lit o\u00f9 lits individuels et une vue incomparable sur le vert, un s\u00e9jour confortable avec une cuisine int\u00e9gr\u00e9e, un sofa, un table de salle \u00e0 manger et [&hellip;]<\/p>\n","protected":false},"author":1,"featured_media":0,"parent":0,"menu_order":0,"comment_status":"open","ping_status":"open","template":"template-homepage-1.php","meta":{"_et_pb_use_builder":"","_et_pb_old_content":"","_et_gb_content_width":"","footnotes":""},"class_list":["post-466","page","type-page","status-publish","hentry"],"yoast_head":"<!-- This site is optimized with the Yoast SEO plugin v27.5 - https:\/\/yoast.com\/product\/yoast-seo-wordpress\/ -->\n<title>Habiter - Casa Capinera<\/title>\n<meta name=\"robots\" content=\"index, follow, max-snippet:-1, max-image-preview:large, max-video-preview:-1\" \/>\n<link rel=\"canonical\" href=\"https:\/\/www.casa-capinera.it\/fr\/habiter\/\" \/>\n<meta property=\"og:locale\" content=\"fr_FR\" \/>\n<meta property=\"og:type\" content=\"article\" \/>\n<meta property=\"og:title\" content=\"Habiter - Casa Capinera\" \/>\n<meta property=\"og:description\" content=\"Habiter &#8211; \u00catre \u00e0 l\u2019aise d\u00e8s le d\u00e9but Confortablement et tendrement \u00e9tabli Les trois appartements de la Casa Capinera ont respectivement 2 o\u00f9 bien 3 chambres avec grand lit o\u00f9 lits individuels et une vue incomparable sur le vert, un s\u00e9jour confortable avec une cuisine int\u00e9gr\u00e9e, un sofa, un table de salle \u00e0 manger et [&hellip;]\" \/>\n<meta property=\"og:url\" content=\"https:\/\/www.casa-capinera.it\/fr\/habiter\/\" \/>\n<meta property=\"og:site_name\" content=\"Casa Capinera\" \/>\n<meta property=\"article:modified_time\" content=\"2019-09-04T11:20:58+00:00\" \/>\n<meta property=\"og:image\" content=\"https:\/\/www.casa-capinera.it\/wp-content\/uploads\/2015\/02\/pavillons.jpg\" \/>\n<meta name=\"twitter:label1\" content=\"Dur\u00e9e de lecture estim\u00e9e\" \/>\n\t<meta name=\"twitter:data1\" content=\"2 minutes\" \/>\n<script type=\"application\/ld+json\" class=\"yoast-schema-graph\">{\"@context\":\"https:\\\/\\\/schema.org\",\"@graph\":[{\"@type\":\"WebPage\",\"@id\":\"https:\\\/\\\/www.casa-capinera.it\\\/fr\\\/habiter\\\/\",\"url\":\"https:\\\/\\\/www.casa-capinera.it\\\/fr\\\/habiter\\\/\",\"name\":\"Habiter - Casa Capinera\",\"isPartOf\":{\"@id\":\"https:\\\/\\\/www.casa-capinera.it\\\/#website\"},\"datePublished\":\"2015-11-23T10:27:30+00:00\",\"dateModified\":\"2019-09-04T11:20:58+00:00\",\"breadcrumb\":{\"@id\":\"https:\\\/\\\/www.casa-capinera.it\\\/fr\\\/habiter\\\/#breadcrumb\"},\"inLanguage\":\"fr-FR\",\"potentialAction\":[{\"@type\":\"ReadAction\",\"target\":[\"https:\\\/\\\/www.casa-capinera.it\\\/fr\\\/habiter\\\/\"]}]},{\"@type\":\"BreadcrumbList\",\"@id\":\"https:\\\/\\\/www.casa-capinera.it\\\/fr\\\/habiter\\\/#breadcrumb\",\"itemListElement\":[{\"@type\":\"ListItem\",\"position\":1,\"name\":\"Home\",\"item\":\"https:\\\/\\\/www.casa-capinera.it\\\/fr\\\/\"},{\"@type\":\"ListItem\",\"position\":2,\"name\":\"Habiter\"}]},{\"@type\":\"WebSite\",\"@id\":\"https:\\\/\\\/www.casa-capinera.it\\\/#website\",\"url\":\"https:\\\/\\\/www.casa-capinera.it\\\/\",\"name\":\"Casa Capinera\",\"description\":\"Traumurlaub in den ligurischen Bergen\",\"potentialAction\":[{\"@type\":\"SearchAction\",\"target\":{\"@type\":\"EntryPoint\",\"urlTemplate\":\"https:\\\/\\\/www.casa-capinera.it\\\/?s={search_term_string}\"},\"query-input\":{\"@type\":\"PropertyValueSpecification\",\"valueRequired\":true,\"valueName\":\"search_term_string\"}}],\"inLanguage\":\"fr-FR\"}]}<\/script>\n<!-- \/ Yoast SEO plugin. -->","yoast_head_json":{"title":"Habiter - Casa Capinera","robots":{"index":"index","follow":"follow","max-snippet":"max-snippet:-1","max-image-preview":"max-image-preview:large","max-video-preview":"max-video-preview:-1"},"canonical":"https:\/\/www.casa-capinera.it\/fr\/habiter\/","og_locale":"fr_FR","og_type":"article","og_title":"Habiter - Casa Capinera","og_description":"Habiter &#8211; \u00catre \u00e0 l\u2019aise d\u00e8s le d\u00e9but Confortablement et tendrement \u00e9tabli Les trois appartements de la Casa Capinera ont respectivement 2 o\u00f9 bien 3 chambres avec grand lit o\u00f9 lits individuels et une vue incomparable sur le vert, un s\u00e9jour confortable avec une cuisine int\u00e9gr\u00e9e, un sofa, un table de salle \u00e0 manger et [&hellip;]","og_url":"https:\/\/www.casa-capinera.it\/fr\/habiter\/","og_site_name":"Casa Capinera","article_modified_time":"2019-09-04T11:20:58+00:00","og_image":[{"url":"https:\/\/www.casa-capinera.it\/wp-content\/uploads\/2015\/02\/pavillons.jpg","type":"","width":"","height":""}],"twitter_misc":{"Dur\u00e9e de lecture estim\u00e9e":"2 minutes"},"schema":{"@context":"https:\/\/schema.org","@graph":[{"@type":"WebPage","@id":"https:\/\/www.casa-capinera.it\/fr\/habiter\/","url":"https:\/\/www.casa-capinera.it\/fr\/habiter\/","name":"Habiter - Casa Capinera","isPartOf":{"@id":"https:\/\/www.casa-capinera.it\/#website"},"datePublished":"2015-11-23T10:27:30+00:00","dateModified":"2019-09-04T11:20:58+00:00","breadcrumb":{"@id":"https:\/\/www.casa-capinera.it\/fr\/habiter\/#breadcrumb"},"inLanguage":"fr-FR","potentialAction":[{"@type":"ReadAction","target":["https:\/\/www.casa-capinera.it\/fr\/habiter\/"]}]},{"@type":"BreadcrumbList","@id":"https:\/\/www.casa-capinera.it\/fr\/habiter\/#breadcrumb","itemListElement":[{"@type":"ListItem","position":1,"name":"Home","item":"https:\/\/www.casa-capinera.it\/fr\/"},{"@type":"ListItem","position":2,"name":"Habiter"}]},{"@type":"WebSite","@id":"https:\/\/www.casa-capinera.it\/#website","url":"https:\/\/www.casa-capinera.it\/","name":"Casa Capinera","description":"Traumurlaub in den ligurischen Bergen","potentialAction":[{"@type":"SearchAction","target":{"@type":"EntryPoint","urlTemplate":"https:\/\/www.casa-capinera.it\/?s={search_term_string}"},"query-input":{"@type":"PropertyValueSpecification","valueRequired":true,"valueName":"search_term_string"}}],"inLanguage":"fr-FR"}]}},"_links":{"self":[{"href":"https:\/\/www.casa-capinera.it\/fr\/wp-json\/wp\/v2\/pages\/466","targetHints":{"allow":["GET"]}}],"collection":[{"href":"https:\/\/www.casa-capinera.it\/fr\/wp-json\/wp\/v2\/pages"}],"about":[{"href":"https:\/\/www.casa-capinera.it\/fr\/wp-json\/wp\/v2\/types\/page"}],"author":[{"embeddable":true,"href":"https:\/\/www.casa-capinera.it\/fr\/wp-json\/wp\/v2\/users\/1"}],"replies":[{"embeddable":true,"href":"https:\/\/www.casa-capinera.it\/fr\/wp-json\/wp\/v2\/comments?post=466"}],"version-history":[{"count":12,"href":"https:\/\/www.casa-capinera.it\/fr\/wp-json\/wp\/v2\/pages\/466\/revisions"}],"predecessor-version":[{"id":810,"href":"https:\/\/www.casa-capinera.it\/fr\/wp-json\/wp\/v2\/pages\/466\/revisions\/810"}],"wp:attachment":[{"href":"https:\/\/www.casa-capinera.it\/fr\/wp-json\/wp\/v2\/media?parent=466"}],"curies":[{"name":"wp","href":"https:\/\/api.w.org\/{rel}","templated":true}]}}