{"id":416,"date":"2015-04-20T12:39:29","date_gmt":"2015-04-20T12:39:29","guid":{"rendered":"http:\/\/www.casa-capinera.it\/?page_id=416"},"modified":"2022-10-19T08:52:29","modified_gmt":"2022-10-19T08:52:29","slug":"abitare","status":"publish","type":"page","link":"https:\/\/www.casa-capinera.it\/it\/abitare\/","title":{"rendered":"Abitare"},"content":{"rendered":"<p>[et_pb_section admin_label=&#8221;section&#8221;]<br \/>\n\t\t\t[et_pb_row admin_label=&#8221;row&#8221;]<br \/>\n\t\t\t\t[et_pb_column type=&#8221;4_4&#8243;][et_pb_text admin_label=&#8221;Text&#8221;]<\/p>\n<h1>Sentirsi a proprio agio sin dall\u2019inizio<\/h1>\n<h2>La casa \u00e8 accogliente e arredata con amore.<\/h2>\n<p>I tre appartamenti di Casa Capinera hanno ognuno due o tre camere da letto con letti matrimoniali, oppure due letti singoli, un panorama ineguagliabile nel verde, un\u2019accogliente zona giorno con cucina integrata, divano, tavolo da pranzo, una stufa a legno, un bagno con cabina doccia e bidet. Tutti gli appartamenti sono provvisti di biancheria e asciugamani.<\/p>\n\n\t\t<style type=\"text\/css\">\n\t\t\t#gallery-1 {\n\t\t\t\tmargin: auto;\n\t\t\t}\n\t\t\t#gallery-1 .gallery-item {\n\t\t\t\tfloat: left;\n\t\t\t\tmargin-top: 10px;\n\t\t\t\ttext-align: center;\n\t\t\t\twidth: 33%;\n\t\t\t}\n\t\t\t#gallery-1 img {\n\t\t\t\tborder: 2px solid #cfcfcf;\n\t\t\t}\n\t\t\t#gallery-1 .gallery-caption {\n\t\t\t\tmargin-left: 0;\n\t\t\t}\n\t\t\t\/* see gallery_shortcode() in wp-includes\/media.php *\/\n\t\t<\/style>\n\t\t<div id='gallery-1' class='gallery galleryid-416 gallery-columns-3 gallery-size-full'><dl class='gallery-item'>\n\t\t\t<dt class='gallery-icon landscape'>\n\t\t\t\t<a href='https:\/\/www.casa-capinera.it\/wp-content\/uploads\/2015\/02\/pavillons.jpg'><img loading=\"lazy\" decoding=\"async\" width=\"886\" height=\"593\" src=\"https:\/\/www.casa-capinera.it\/wp-content\/uploads\/2015\/02\/pavillons.jpg\" class=\"attachment-full size-full\" alt=\"\" srcset=\"https:\/\/www.casa-capinera.it\/wp-content\/uploads\/2015\/02\/pavillons.jpg 886w, https:\/\/www.casa-capinera.it\/wp-content\/uploads\/2015\/02\/pavillons-300x201.jpg 300w\" sizes=\"(max-width: 886px) 100vw, 886px\" \/><\/a>\n\t\t\t<\/dt><\/dl><dl class='gallery-item'>\n\t\t\t<dt class='gallery-icon landscape'>\n\t\t\t\t<a href='https:\/\/www.casa-capinera.it\/wp-content\/uploads\/2015\/02\/wohnen-wohnzimmer-2.jpg'><img loading=\"lazy\" decoding=\"async\" width=\"1000\" height=\"670\" src=\"https:\/\/www.casa-capinera.it\/wp-content\/uploads\/2015\/02\/wohnen-wohnzimmer-2.jpg\" class=\"attachment-full size-full\" alt=\"\" srcset=\"https:\/\/www.casa-capinera.it\/wp-content\/uploads\/2015\/02\/wohnen-wohnzimmer-2.jpg 1000w, https:\/\/www.casa-capinera.it\/wp-content\/uploads\/2015\/02\/wohnen-wohnzimmer-2-300x201.jpg 300w\" sizes=\"(max-width: 1000px) 100vw, 1000px\" \/><\/a>\n\t\t\t<\/dt><\/dl><dl class='gallery-item'>\n\t\t\t<dt class='gallery-icon landscape'>\n\t\t\t\t<a href='https:\/\/www.casa-capinera.it\/wp-content\/uploads\/2015\/02\/bett_salice_1.jpg'><img loading=\"lazy\" decoding=\"async\" width=\"882\" height=\"591\" src=\"https:\/\/www.casa-capinera.it\/wp-content\/uploads\/2015\/02\/bett_salice_1.jpg\" class=\"attachment-full size-full\" alt=\"\" srcset=\"https:\/\/www.casa-capinera.it\/wp-content\/uploads\/2015\/02\/bett_salice_1.jpg 882w, https:\/\/www.casa-capinera.it\/wp-content\/uploads\/2015\/02\/bett_salice_1-300x201.jpg 300w\" sizes=\"(max-width: 882px) 100vw, 882px\" \/><\/a>\n\t\t\t<\/dt><\/dl><br style=\"clear: both\" \/><dl class='gallery-item'>\n\t\t\t<dt class='gallery-icon landscape'>\n\t\t\t\t<a href='https:\/\/www.casa-capinera.it\/wp-content\/uploads\/2015\/02\/casa_ganz.jpg'><img loading=\"lazy\" decoding=\"async\" width=\"886\" height=\"593\" src=\"https:\/\/www.casa-capinera.it\/wp-content\/uploads\/2015\/02\/casa_ganz.jpg\" class=\"attachment-full size-full\" alt=\"\" srcset=\"https:\/\/www.casa-capinera.it\/wp-content\/uploads\/2015\/02\/casa_ganz.jpg 886w, https:\/\/www.casa-capinera.it\/wp-content\/uploads\/2015\/02\/casa_ganz-300x201.jpg 300w\" sizes=\"(max-width: 886px) 100vw, 886px\" \/><\/a>\n\t\t\t<\/dt><\/dl><dl class='gallery-item'>\n\t\t\t<dt class='gallery-icon landscape'>\n\t\t\t\t<a href='https:\/\/www.casa-capinera.it\/wp-content\/uploads\/2015\/02\/im_gruenen.jpg'><img loading=\"lazy\" decoding=\"async\" width=\"886\" height=\"593\" src=\"https:\/\/www.casa-capinera.it\/wp-content\/uploads\/2015\/02\/im_gruenen.jpg\" class=\"attachment-full size-full\" alt=\"\" srcset=\"https:\/\/www.casa-capinera.it\/wp-content\/uploads\/2015\/02\/im_gruenen.jpg 886w, https:\/\/www.casa-capinera.it\/wp-content\/uploads\/2015\/02\/im_gruenen-300x201.jpg 300w\" sizes=\"(max-width: 886px) 100vw, 886px\" \/><\/a>\n\t\t\t<\/dt><\/dl><dl class='gallery-item'>\n\t\t\t<dt class='gallery-icon landscape'>\n\t\t\t\t<a href='https:\/\/www.casa-capinera.it\/wp-content\/uploads\/2015\/02\/kinderzimmer_salice_4.jpg'><img loading=\"lazy\" decoding=\"async\" width=\"978\" height=\"472\" src=\"https:\/\/www.casa-capinera.it\/wp-content\/uploads\/2015\/02\/kinderzimmer_salice_4.jpg\" class=\"attachment-full size-full\" alt=\"\" srcset=\"https:\/\/www.casa-capinera.it\/wp-content\/uploads\/2015\/02\/kinderzimmer_salice_4.jpg 978w, https:\/\/www.casa-capinera.it\/wp-content\/uploads\/2015\/02\/kinderzimmer_salice_4-300x145.jpg 300w\" sizes=\"(max-width: 978px) 100vw, 978px\" \/><\/a>\n\t\t\t<\/dt><\/dl><br style=\"clear: both\" \/><dl class='gallery-item'>\n\t\t\t<dt class='gallery-icon landscape'>\n\t\t\t\t<a href='https:\/\/www.casa-capinera.it\/wp-content\/uploads\/2015\/02\/kinderzimmer_salice_5.jpg'><img loading=\"lazy\" decoding=\"async\" width=\"886\" height=\"593\" src=\"https:\/\/www.casa-capinera.it\/wp-content\/uploads\/2015\/02\/kinderzimmer_salice_5.jpg\" class=\"attachment-full size-full\" alt=\"\" srcset=\"https:\/\/www.casa-capinera.it\/wp-content\/uploads\/2015\/02\/kinderzimmer_salice_5.jpg 886w, https:\/\/www.casa-capinera.it\/wp-content\/uploads\/2015\/02\/kinderzimmer_salice_5-300x201.jpg 300w\" sizes=\"(max-width: 886px) 100vw, 886px\" \/><\/a>\n\t\t\t<\/dt><\/dl><dl class='gallery-item'>\n\t\t\t<dt class='gallery-icon landscape'>\n\t\t\t\t<a href='https:\/\/www.casa-capinera.it\/wp-content\/uploads\/2015\/02\/kinderzimmer_salice_6.jpg'><img loading=\"lazy\" decoding=\"async\" width=\"835\" height=\"648\" src=\"https:\/\/www.casa-capinera.it\/wp-content\/uploads\/2015\/02\/kinderzimmer_salice_6.jpg\" class=\"attachment-full size-full\" alt=\"\" srcset=\"https:\/\/www.casa-capinera.it\/wp-content\/uploads\/2015\/02\/kinderzimmer_salice_6.jpg 835w, https:\/\/www.casa-capinera.it\/wp-content\/uploads\/2015\/02\/kinderzimmer_salice_6-300x233.jpg 300w\" sizes=\"(max-width: 835px) 100vw, 835px\" \/><\/a>\n\t\t\t<\/dt><\/dl><dl class='gallery-item'>\n\t\t\t<dt class='gallery-icon landscape'>\n\t\t\t\t<a href='https:\/\/www.casa-capinera.it\/wp-content\/uploads\/2015\/02\/kinderzimmer_salice_7.jpg'><img loading=\"lazy\" decoding=\"async\" width=\"886\" height=\"593\" src=\"https:\/\/www.casa-capinera.it\/wp-content\/uploads\/2015\/02\/kinderzimmer_salice_7.jpg\" class=\"attachment-full size-full\" alt=\"\" srcset=\"https:\/\/www.casa-capinera.it\/wp-content\/uploads\/2015\/02\/kinderzimmer_salice_7.jpg 886w, https:\/\/www.casa-capinera.it\/wp-content\/uploads\/2015\/02\/kinderzimmer_salice_7-300x201.jpg 300w\" sizes=\"(max-width: 886px) 100vw, 886px\" \/><\/a>\n\t\t\t<\/dt><\/dl><br style=\"clear: both\" \/><dl class='gallery-item'>\n\t\t\t<dt class='gallery-icon landscape'>\n\t\t\t\t<a href='https:\/\/www.casa-capinera.it\/wp-content\/uploads\/2015\/02\/pavillon_rondine.jpg'><img loading=\"lazy\" decoding=\"async\" width=\"886\" height=\"593\" src=\"https:\/\/www.casa-capinera.it\/wp-content\/uploads\/2015\/02\/pavillon_rondine.jpg\" class=\"attachment-full size-full\" alt=\"\" srcset=\"https:\/\/www.casa-capinera.it\/wp-content\/uploads\/2015\/02\/pavillon_rondine.jpg 886w, https:\/\/www.casa-capinera.it\/wp-content\/uploads\/2015\/02\/pavillon_rondine-300x201.jpg 300w\" sizes=\"(max-width: 886px) 100vw, 886px\" \/><\/a>\n\t\t\t<\/dt><\/dl><dl class='gallery-item'>\n\t\t\t<dt class='gallery-icon landscape'>\n\t\t\t\t<a href='https:\/\/www.casa-capinera.it\/wp-content\/uploads\/2015\/02\/schaukel.jpg'><img loading=\"lazy\" decoding=\"async\" width=\"886\" height=\"593\" src=\"https:\/\/www.casa-capinera.it\/wp-content\/uploads\/2015\/02\/schaukel.jpg\" class=\"attachment-full size-full\" alt=\"\" srcset=\"https:\/\/www.casa-capinera.it\/wp-content\/uploads\/2015\/02\/schaukel.jpg 886w, https:\/\/www.casa-capinera.it\/wp-content\/uploads\/2015\/02\/schaukel-300x201.jpg 300w\" sizes=\"(max-width: 886px) 100vw, 886px\" \/><\/a>\n\t\t\t<\/dt><\/dl><dl class='gallery-item'>\n\t\t\t<dt class='gallery-icon landscape'>\n\t\t\t\t<a href='https:\/\/www.casa-capinera.it\/wp-content\/uploads\/2015\/02\/schlafzimmer_iris.jpg'><img loading=\"lazy\" decoding=\"async\" width=\"886\" height=\"593\" src=\"https:\/\/www.casa-capinera.it\/wp-content\/uploads\/2015\/02\/schlafzimmer_iris.jpg\" class=\"attachment-full size-full\" alt=\"\" srcset=\"https:\/\/www.casa-capinera.it\/wp-content\/uploads\/2015\/02\/schlafzimmer_iris.jpg 886w, https:\/\/www.casa-capinera.it\/wp-content\/uploads\/2015\/02\/schlafzimmer_iris-300x201.jpg 300w\" sizes=\"(max-width: 886px) 100vw, 886px\" \/><\/a>\n\t\t\t<\/dt><\/dl><br style=\"clear: both\" \/><dl class='gallery-item'>\n\t\t\t<dt class='gallery-icon landscape'>\n\t\t\t\t<a href='https:\/\/www.casa-capinera.it\/wp-content\/uploads\/2015\/02\/terrasse_salice.jpg'><img loading=\"lazy\" decoding=\"async\" width=\"886\" height=\"591\" src=\"https:\/\/www.casa-capinera.it\/wp-content\/uploads\/2015\/02\/terrasse_salice.jpg\" class=\"attachment-full size-full\" alt=\"\" srcset=\"https:\/\/www.casa-capinera.it\/wp-content\/uploads\/2015\/02\/terrasse_salice.jpg 886w, https:\/\/www.casa-capinera.it\/wp-content\/uploads\/2015\/02\/terrasse_salice-300x200.jpg 300w\" sizes=\"(max-width: 886px) 100vw, 886px\" \/><\/a>\n\t\t\t<\/dt><\/dl><dl class='gallery-item'>\n\t\t\t<dt class='gallery-icon landscape'>\n\t\t\t\t<a href='https:\/\/www.casa-capinera.it\/wp-content\/uploads\/2015\/02\/tisch_draussen_salice.jpg'><img loading=\"lazy\" decoding=\"async\" width=\"886\" height=\"593\" src=\"https:\/\/www.casa-capinera.it\/wp-content\/uploads\/2015\/02\/tisch_draussen_salice.jpg\" class=\"attachment-full size-full\" alt=\"\" srcset=\"https:\/\/www.casa-capinera.it\/wp-content\/uploads\/2015\/02\/tisch_draussen_salice.jpg 886w, https:\/\/www.casa-capinera.it\/wp-content\/uploads\/2015\/02\/tisch_draussen_salice-300x201.jpg 300w\" sizes=\"(max-width: 886px) 100vw, 886px\" \/><\/a>\n\t\t\t<\/dt><\/dl><dl class='gallery-item'>\n\t\t\t<dt class='gallery-icon landscape'>\n\t\t\t\t<a href='https:\/\/www.casa-capinera.it\/wp-content\/uploads\/2015\/02\/wohnraum_salice_2.jpg'><img loading=\"lazy\" decoding=\"async\" width=\"882\" height=\"591\" src=\"https:\/\/www.casa-capinera.it\/wp-content\/uploads\/2015\/02\/wohnraum_salice_2.jpg\" class=\"attachment-full size-full\" alt=\"\" srcset=\"https:\/\/www.casa-capinera.it\/wp-content\/uploads\/2015\/02\/wohnraum_salice_2.jpg 882w, https:\/\/www.casa-capinera.it\/wp-content\/uploads\/2015\/02\/wohnraum_salice_2-300x201.jpg 300w\" sizes=\"(max-width: 882px) 100vw, 882px\" \/><\/a>\n\t\t\t<\/dt><\/dl><br style=\"clear: both\" \/><dl class='gallery-item'>\n\t\t\t<dt class='gallery-icon landscape'>\n\t\t\t\t<a href='https:\/\/www.casa-capinera.it\/wp-content\/uploads\/2015\/02\/ausblick.jpg'><img loading=\"lazy\" decoding=\"async\" width=\"1936\" height=\"1296\" src=\"https:\/\/www.casa-capinera.it\/wp-content\/uploads\/2015\/02\/ausblick.jpg\" class=\"attachment-full size-full\" alt=\"\" srcset=\"https:\/\/www.casa-capinera.it\/wp-content\/uploads\/2015\/02\/ausblick.jpg 1936w, https:\/\/www.casa-capinera.it\/wp-content\/uploads\/2015\/02\/ausblick-300x201.jpg 300w, https:\/\/www.casa-capinera.it\/wp-content\/uploads\/2015\/02\/ausblick-1024x685.jpg 1024w\" sizes=\"(max-width: 1936px) 100vw, 1936px\" \/><\/a>\n\t\t\t<\/dt><\/dl>\n\t\t\t<br style='clear: both' \/>\n\t\t<\/div>\n\n<p><strong>Appartamento 1<\/strong>: 2 camere da letto con letto matrimoniale e\/o 2 letti singoli<br \/>\n<strong>Appartamento 2<\/strong>: 2 camere da letto con letto matrimoniale e\/o 3 letti singoli<br \/>\n<strong>Appartamento 3<\/strong>: 2 camere da letto con letto matrimoniale e\/o 2 letti singoli<br \/>\n[trenner]<\/p>\n<p>Gli appartamenti sono dotati di wi-fi gratuito e televisore con programmi italiani e internazionali. Prestiamo volentieri anche libri e guide turistiche della zona. Naturalmente siamo sempre a vostra disposizione per consigli per gite, escursioni e tour nei dintorni a piedi, con la montain bike e con la macchina.<\/p>\n<p>[trenner]<\/p>\n<p>I cani sono i benvenuti. Lo spazio per muoversi per i nostri ospiti canini \u00e8 ampio. Nella casa del proprietario ci sono gi\u00e0 due cani ben educato. Per questo motivo portate per favore  solo cani ben educati. Il giardino \u00e8 molto spazioso ed aperto ai giochi, per\u00f2 essendo diviso in terrazzamenti i bambini necessitano di vigilanza.<\/p>\n<p>[trenner]<\/p>\n<p>[rows]<br \/>\n[row-dark]<strong>Bassa stagione<\/strong> 07.09.19 \u2013 05.10.19 [arrow] 7 notti [arrow] 470 EUR[endrow]<br \/>\n[row-light]<strong>Bassa stagione<\/strong> 05.10.19 \u2013 31.12.19 [arrow] 7 notti [arrow] 370<br \/>\nEUR[endrow]<br \/>\n[row-light]<strong>Bassa stagione<\/strong> 01.01.20 \u2013 30.05.20 [arrow] 7 notti [arrow] 370 EUR[endrow]<br \/>\n[row-dark]<strong>Bassa stagione<\/strong> 30.05.20 \u2013 04.07.20 [arrow] 7 notti [arrow] 470\u00a0EUR[endrow]<br \/>\n[row-light]<strong>Alta stagione<\/strong> 04.07.20 \u2013 12.09.20 [arrow] 7 notti [arrow] 570 EUR[endrow]<br \/>\n[row-dark]<strong>Bassa stagione<\/strong> 12.09.20 \u2013 10.10.20 [arrow] 7 notti [arrow] 470 EUR[endrow]<br \/>\n[row-light]<strong>Bassa stagione<\/strong> 10.10.20 \u2013 31.12.20 [arrow] 7 notti [arrow] 370<br \/>\nEUR[endrow]<br \/>\n[endrows]<\/p>\n<p>I prezzi sono per 4 persone, per ogni persona in pi\u00f9 c\u2019\u00e8 un addizionale di 10 EUR al giorno<br \/>\nExtra 60 euro per pulizia [arrow]\u00a0Cani sono liberi<br \/>\nRiscaldamento 10 EUR al giorno\u00a0[arrow]\u00a0Legna a consumo[\/et_pb_text][\/et_pb_column]<br \/>\n\t\t\t[\/et_pb_row]<br \/>\n\t\t[\/et_pb_section]<\/p>\n","protected":false},"excerpt":{"rendered":"<p>[et_pb_section admin_label=&#8221;section&#8221;] [et_pb_row admin_label=&#8221;row&#8221;] [et_pb_column type=&#8221;4_4&#8243;][et_pb_text admin_label=&#8221;Text&#8221;] Sentirsi a proprio agio sin dall\u2019inizio La casa \u00e8 accogliente e arredata con amore. I tre appartamenti di Casa Capinera hanno ognuno due o tre camere da letto con letti matrimoniali, oppure due letti singoli, un panorama ineguagliabile nel verde, un\u2019accogliente zona giorno con cucina integrata, divano, tavolo [&hellip;]<\/p>\n","protected":false},"author":1,"featured_media":0,"parent":0,"menu_order":0,"comment_status":"open","ping_status":"open","template":"template-homepage-1.php","meta":{"_et_pb_use_builder":"","_et_pb_old_content":"","_et_gb_content_width":"","footnotes":""},"class_list":["post-416","page","type-page","status-publish","hentry"],"yoast_head":"<!-- This site is optimized with the Yoast SEO plugin v27.5 - https:\/\/yoast.com\/product\/yoast-seo-wordpress\/ -->\n<title>Abitare - Casa Capinera<\/title>\n<meta name=\"robots\" content=\"index, follow, max-snippet:-1, max-image-preview:large, max-video-preview:-1\" \/>\n<link rel=\"canonical\" href=\"https:\/\/www.casa-capinera.it\/it\/abitare\/\" \/>\n<meta property=\"og:locale\" content=\"it_IT\" \/>\n<meta property=\"og:type\" content=\"article\" \/>\n<meta property=\"og:title\" content=\"Abitare - Casa Capinera\" \/>\n<meta property=\"og:description\" content=\"[et_pb_section admin_label=&#8221;section&#8221;] [et_pb_row admin_label=&#8221;row&#8221;] [et_pb_column type=&#8221;4_4&#8243;][et_pb_text admin_label=&#8221;Text&#8221;] Sentirsi a proprio agio sin dall\u2019inizio La casa \u00e8 accogliente e arredata con amore. I tre appartamenti di Casa Capinera hanno ognuno due o tre camere da letto con letti matrimoniali, oppure due letti singoli, un panorama ineguagliabile nel verde, un\u2019accogliente zona giorno con cucina integrata, divano, tavolo [&hellip;]\" \/>\n<meta property=\"og:url\" content=\"https:\/\/www.casa-capinera.it\/it\/abitare\/\" \/>\n<meta property=\"og:site_name\" content=\"Casa Capinera\" \/>\n<meta property=\"article:modified_time\" content=\"2022-10-19T08:52:29+00:00\" \/>\n<meta name=\"twitter:label1\" content=\"Tempo di lettura stimato\" \/>\n\t<meta name=\"twitter:data1\" content=\"2 minuti\" \/>\n<script type=\"application\/ld+json\" class=\"yoast-schema-graph\">{\"@context\":\"https:\\\/\\\/schema.org\",\"@graph\":[{\"@type\":\"WebPage\",\"@id\":\"https:\\\/\\\/www.casa-capinera.it\\\/it\\\/abitare\\\/\",\"url\":\"https:\\\/\\\/www.casa-capinera.it\\\/it\\\/abitare\\\/\",\"name\":\"Abitare - Casa Capinera\",\"isPartOf\":{\"@id\":\"https:\\\/\\\/www.casa-capinera.it\\\/#website\"},\"datePublished\":\"2015-04-20T12:39:29+00:00\",\"dateModified\":\"2022-10-19T08:52:29+00:00\",\"breadcrumb\":{\"@id\":\"https:\\\/\\\/www.casa-capinera.it\\\/it\\\/abitare\\\/#breadcrumb\"},\"inLanguage\":\"it-IT\",\"potentialAction\":[{\"@type\":\"ReadAction\",\"target\":[\"https:\\\/\\\/www.casa-capinera.it\\\/it\\\/abitare\\\/\"]}]},{\"@type\":\"BreadcrumbList\",\"@id\":\"https:\\\/\\\/www.casa-capinera.it\\\/it\\\/abitare\\\/#breadcrumb\",\"itemListElement\":[{\"@type\":\"ListItem\",\"position\":1,\"name\":\"Home\",\"item\":\"https:\\\/\\\/www.casa-capinera.it\\\/it\\\/\"},{\"@type\":\"ListItem\",\"position\":2,\"name\":\"Abitare\"}]},{\"@type\":\"WebSite\",\"@id\":\"https:\\\/\\\/www.casa-capinera.it\\\/#website\",\"url\":\"https:\\\/\\\/www.casa-capinera.it\\\/\",\"name\":\"Casa Capinera\",\"description\":\"Traumurlaub in den ligurischen Bergen\",\"potentialAction\":[{\"@type\":\"SearchAction\",\"target\":{\"@type\":\"EntryPoint\",\"urlTemplate\":\"https:\\\/\\\/www.casa-capinera.it\\\/?s={search_term_string}\"},\"query-input\":{\"@type\":\"PropertyValueSpecification\",\"valueRequired\":true,\"valueName\":\"search_term_string\"}}],\"inLanguage\":\"it-IT\"}]}<\/script>\n<!-- \/ Yoast SEO plugin. -->","yoast_head_json":{"title":"Abitare - Casa Capinera","robots":{"index":"index","follow":"follow","max-snippet":"max-snippet:-1","max-image-preview":"max-image-preview:large","max-video-preview":"max-video-preview:-1"},"canonical":"https:\/\/www.casa-capinera.it\/it\/abitare\/","og_locale":"it_IT","og_type":"article","og_title":"Abitare - Casa Capinera","og_description":"[et_pb_section admin_label=&#8221;section&#8221;] [et_pb_row admin_label=&#8221;row&#8221;] [et_pb_column type=&#8221;4_4&#8243;][et_pb_text admin_label=&#8221;Text&#8221;] Sentirsi a proprio agio sin dall\u2019inizio La casa \u00e8 accogliente e arredata con amore. I tre appartamenti di Casa Capinera hanno ognuno due o tre camere da letto con letti matrimoniali, oppure due letti singoli, un panorama ineguagliabile nel verde, un\u2019accogliente zona giorno con cucina integrata, divano, tavolo [&hellip;]","og_url":"https:\/\/www.casa-capinera.it\/it\/abitare\/","og_site_name":"Casa Capinera","article_modified_time":"2022-10-19T08:52:29+00:00","twitter_misc":{"Tempo di lettura stimato":"2 minuti"},"schema":{"@context":"https:\/\/schema.org","@graph":[{"@type":"WebPage","@id":"https:\/\/www.casa-capinera.it\/it\/abitare\/","url":"https:\/\/www.casa-capinera.it\/it\/abitare\/","name":"Abitare - Casa Capinera","isPartOf":{"@id":"https:\/\/www.casa-capinera.it\/#website"},"datePublished":"2015-04-20T12:39:29+00:00","dateModified":"2022-10-19T08:52:29+00:00","breadcrumb":{"@id":"https:\/\/www.casa-capinera.it\/it\/abitare\/#breadcrumb"},"inLanguage":"it-IT","potentialAction":[{"@type":"ReadAction","target":["https:\/\/www.casa-capinera.it\/it\/abitare\/"]}]},{"@type":"BreadcrumbList","@id":"https:\/\/www.casa-capinera.it\/it\/abitare\/#breadcrumb","itemListElement":[{"@type":"ListItem","position":1,"name":"Home","item":"https:\/\/www.casa-capinera.it\/it\/"},{"@type":"ListItem","position":2,"name":"Abitare"}]},{"@type":"WebSite","@id":"https:\/\/www.casa-capinera.it\/#website","url":"https:\/\/www.casa-capinera.it\/","name":"Casa Capinera","description":"Traumurlaub in den ligurischen Bergen","potentialAction":[{"@type":"SearchAction","target":{"@type":"EntryPoint","urlTemplate":"https:\/\/www.casa-capinera.it\/?s={search_term_string}"},"query-input":{"@type":"PropertyValueSpecification","valueRequired":true,"valueName":"search_term_string"}}],"inLanguage":"it-IT"}]}},"_links":{"self":[{"href":"https:\/\/www.casa-capinera.it\/it\/wp-json\/wp\/v2\/pages\/416","targetHints":{"allow":["GET"]}}],"collection":[{"href":"https:\/\/www.casa-capinera.it\/it\/wp-json\/wp\/v2\/pages"}],"about":[{"href":"https:\/\/www.casa-capinera.it\/it\/wp-json\/wp\/v2\/types\/page"}],"author":[{"embeddable":true,"href":"https:\/\/www.casa-capinera.it\/it\/wp-json\/wp\/v2\/users\/1"}],"replies":[{"embeddable":true,"href":"https:\/\/www.casa-capinera.it\/it\/wp-json\/wp\/v2\/comments?post=416"}],"version-history":[{"count":16,"href":"https:\/\/www.casa-capinera.it\/it\/wp-json\/wp\/v2\/pages\/416\/revisions"}],"predecessor-version":[{"id":2597,"href":"https:\/\/www.casa-capinera.it\/it\/wp-json\/wp\/v2\/pages\/416\/revisions\/2597"}],"wp:attachment":[{"href":"https:\/\/www.casa-capinera.it\/it\/wp-json\/wp\/v2\/media?parent=416"}],"curies":[{"name":"wp","href":"https:\/\/api.w.org\/{rel}","templated":true}]}}