{"id":428,"date":"2015-04-20T12:52:15","date_gmt":"2015-04-20T12:52:15","guid":{"rendered":"http:\/\/www.casa-capinera.it\/?page_id=428"},"modified":"2015-11-26T12:46:31","modified_gmt":"2015-11-26T12:46:31","slug":"ambiente","status":"publish","type":"page","link":"https:\/\/www.casa-capinera.it\/it\/ambiente\/","title":{"rendered":"Ambiente"},"content":{"rendered":"<h1>Una bella combinazione<\/h1>\n<h2>C\u2019\u00e8 n\u2019\u00e8 per tutti i gusti<\/h2>\n<p>Per tutti quelli che amano la natura, il mare e la cultura Casa Capinera \u00e8 ideale. Percorsi di trekking si trovano gi\u00e0 davanti a casa, alcuni con garanzia di ritorno, altri aspettano ancora di essere scoperti da veri boyscout. Il panorama  sulle Alpi, i paesini nascosti che si appoggiano a imponenti rocce e la vista sul mare che si gode da questi percorsi  \u00e8 indimenticabile. Le spiagge sabbiose della riviera dei fiori e la vivace vita cittadina sono a venti minuti di macchina.<\/p>\n\n\t\t<style type=\"text\/css\">\n\t\t\t#gallery-1 {\n\t\t\t\tmargin: auto;\n\t\t\t}\n\t\t\t#gallery-1 .gallery-item {\n\t\t\t\tfloat: left;\n\t\t\t\tmargin-top: 10px;\n\t\t\t\ttext-align: center;\n\t\t\t\twidth: 33%;\n\t\t\t}\n\t\t\t#gallery-1 img {\n\t\t\t\tborder: 2px solid #cfcfcf;\n\t\t\t}\n\t\t\t#gallery-1 .gallery-caption {\n\t\t\t\tmargin-left: 0;\n\t\t\t}\n\t\t\t\/* see gallery_shortcode() in wp-includes\/media.php *\/\n\t\t<\/style>\n\t\t<div id='gallery-1' class='gallery galleryid-428 gallery-columns-3 gallery-size-full'><dl class='gallery-item'>\n\t\t\t<dt class='gallery-icon landscape'>\n\t\t\t\t<a href='https:\/\/www.casa-capinera.it\/wp-content\/uploads\/2015\/02\/castello_andora.jpg'><img loading=\"lazy\" decoding=\"async\" width=\"886\" height=\"593\" src=\"https:\/\/www.casa-capinera.it\/wp-content\/uploads\/2015\/02\/castello_andora.jpg\" class=\"attachment-full size-full\" alt=\"\" srcset=\"https:\/\/www.casa-capinera.it\/wp-content\/uploads\/2015\/02\/castello_andora.jpg 886w, https:\/\/www.casa-capinera.it\/wp-content\/uploads\/2015\/02\/castello_andora-300x201.jpg 300w\" sizes=\"(max-width: 886px) 100vw, 886px\" \/><\/a>\n\t\t\t<\/dt><\/dl><dl class='gallery-item'>\n\t\t\t<dt class='gallery-icon landscape'>\n\t\t\t\t<a href='https:\/\/www.casa-capinera.it\/wp-content\/uploads\/2015\/02\/hafen_boote.jpg'><img loading=\"lazy\" decoding=\"async\" width=\"882\" height=\"591\" src=\"https:\/\/www.casa-capinera.it\/wp-content\/uploads\/2015\/02\/hafen_boote.jpg\" class=\"attachment-full size-full\" alt=\"\" srcset=\"https:\/\/www.casa-capinera.it\/wp-content\/uploads\/2015\/02\/hafen_boote.jpg 882w, https:\/\/www.casa-capinera.it\/wp-content\/uploads\/2015\/02\/hafen_boote-300x201.jpg 300w\" sizes=\"(max-width: 882px) 100vw, 882px\" \/><\/a>\n\t\t\t<\/dt><\/dl><dl class='gallery-item'>\n\t\t\t<dt class='gallery-icon landscape'>\n\t\t\t\t<a href='https:\/\/www.casa-capinera.it\/wp-content\/uploads\/2015\/02\/baeume_lagueglia1.jpg'><img loading=\"lazy\" decoding=\"async\" width=\"874\" height=\"585\" src=\"https:\/\/www.casa-capinera.it\/wp-content\/uploads\/2015\/02\/baeume_lagueglia1.jpg\" class=\"attachment-full size-full\" alt=\"\" srcset=\"https:\/\/www.casa-capinera.it\/wp-content\/uploads\/2015\/02\/baeume_lagueglia1.jpg 874w, https:\/\/www.casa-capinera.it\/wp-content\/uploads\/2015\/02\/baeume_lagueglia1-300x201.jpg 300w\" sizes=\"(max-width: 874px) 100vw, 874px\" \/><\/a>\n\t\t\t<\/dt><\/dl><br style=\"clear: both\" \/><dl class='gallery-item'>\n\t\t\t<dt class='gallery-icon landscape'>\n\t\t\t\t<a href='https:\/\/www.casa-capinera.it\/wp-content\/uploads\/2015\/02\/baden_torria_2.jpg'><img loading=\"lazy\" decoding=\"async\" width=\"886\" height=\"593\" src=\"https:\/\/www.casa-capinera.it\/wp-content\/uploads\/2015\/02\/baden_torria_2.jpg\" class=\"attachment-full size-full\" alt=\"\" srcset=\"https:\/\/www.casa-capinera.it\/wp-content\/uploads\/2015\/02\/baden_torria_2.jpg 886w, https:\/\/www.casa-capinera.it\/wp-content\/uploads\/2015\/02\/baden_torria_2-300x201.jpg 300w\" sizes=\"(max-width: 886px) 100vw, 886px\" \/><\/a>\n\t\t\t<\/dt><\/dl><dl class='gallery-item'>\n\t\t\t<dt class='gallery-icon landscape'>\n\t\t\t\t<a href='https:\/\/www.casa-capinera.it\/wp-content\/uploads\/2015\/02\/bruecke_zuccharello.jpg'><img loading=\"lazy\" decoding=\"async\" width=\"886\" height=\"593\" src=\"https:\/\/www.casa-capinera.it\/wp-content\/uploads\/2015\/02\/bruecke_zuccharello.jpg\" class=\"attachment-full size-full\" alt=\"\" srcset=\"https:\/\/www.casa-capinera.it\/wp-content\/uploads\/2015\/02\/bruecke_zuccharello.jpg 886w, https:\/\/www.casa-capinera.it\/wp-content\/uploads\/2015\/02\/bruecke_zuccharello-300x201.jpg 300w\" sizes=\"(max-width: 886px) 100vw, 886px\" \/><\/a>\n\t\t\t<\/dt><\/dl><dl class='gallery-item'>\n\t\t\t<dt class='gallery-icon landscape'>\n\t\t\t\t<a href='https:\/\/www.casa-capinera.it\/wp-content\/uploads\/2015\/02\/cartari.jpg'><img loading=\"lazy\" decoding=\"async\" width=\"886\" height=\"593\" src=\"https:\/\/www.casa-capinera.it\/wp-content\/uploads\/2015\/02\/cartari.jpg\" class=\"attachment-full size-full\" alt=\"\" srcset=\"https:\/\/www.casa-capinera.it\/wp-content\/uploads\/2015\/02\/cartari.jpg 886w, https:\/\/www.casa-capinera.it\/wp-content\/uploads\/2015\/02\/cartari-300x201.jpg 300w\" sizes=\"(max-width: 886px) 100vw, 886px\" \/><\/a>\n\t\t\t<\/dt><\/dl><br style=\"clear: both\" \/><dl class='gallery-item'>\n\t\t\t<dt class='gallery-icon landscape'>\n\t\t\t\t<a href='https:\/\/www.casa-capinera.it\/wp-content\/uploads\/2015\/02\/fischer.jpg'><img loading=\"lazy\" decoding=\"async\" width=\"1936\" height=\"1296\" src=\"https:\/\/www.casa-capinera.it\/wp-content\/uploads\/2015\/02\/fischer.jpg\" class=\"attachment-full size-full\" alt=\"\" srcset=\"https:\/\/www.casa-capinera.it\/wp-content\/uploads\/2015\/02\/fischer.jpg 1936w, https:\/\/www.casa-capinera.it\/wp-content\/uploads\/2015\/02\/fischer-300x201.jpg 300w, https:\/\/www.casa-capinera.it\/wp-content\/uploads\/2015\/02\/fischer-1024x685.jpg 1024w\" sizes=\"(max-width: 1936px) 100vw, 1936px\" \/><\/a>\n\t\t\t<\/dt><\/dl><dl class='gallery-item'>\n\t\t\t<dt class='gallery-icon landscape'>\n\t\t\t\t<a href='https:\/\/www.casa-capinera.it\/wp-content\/uploads\/2015\/02\/fischer_boote_abend_oneglia.jpg'><img loading=\"lazy\" decoding=\"async\" width=\"886\" height=\"632\" src=\"https:\/\/www.casa-capinera.it\/wp-content\/uploads\/2015\/02\/fischer_boote_abend_oneglia.jpg\" class=\"attachment-full size-full\" alt=\"\" srcset=\"https:\/\/www.casa-capinera.it\/wp-content\/uploads\/2015\/02\/fischer_boote_abend_oneglia.jpg 886w, https:\/\/www.casa-capinera.it\/wp-content\/uploads\/2015\/02\/fischer_boote_abend_oneglia-300x214.jpg 300w\" sizes=\"(max-width: 886px) 100vw, 886px\" \/><\/a>\n\t\t\t<\/dt><\/dl><dl class='gallery-item'>\n\t\t\t<dt class='gallery-icon landscape'>\n\t\t\t\t<a href='https:\/\/www.casa-capinera.it\/wp-content\/uploads\/2015\/02\/fluss_borghetto.jpg'><img loading=\"lazy\" decoding=\"async\" width=\"886\" height=\"593\" src=\"https:\/\/www.casa-capinera.it\/wp-content\/uploads\/2015\/02\/fluss_borghetto.jpg\" class=\"attachment-full size-full\" alt=\"\" srcset=\"https:\/\/www.casa-capinera.it\/wp-content\/uploads\/2015\/02\/fluss_borghetto.jpg 886w, https:\/\/www.casa-capinera.it\/wp-content\/uploads\/2015\/02\/fluss_borghetto-300x201.jpg 300w\" sizes=\"(max-width: 886px) 100vw, 886px\" \/><\/a>\n\t\t\t<\/dt><\/dl><br style=\"clear: both\" \/><dl class='gallery-item'>\n\t\t\t<dt class='gallery-icon portrait'>\n\t\t\t\t<a href='https:\/\/www.casa-capinera.it\/wp-content\/uploads\/2015\/02\/glocke_pantasina.jpg'><img loading=\"lazy\" decoding=\"async\" width=\"593\" height=\"886\" src=\"https:\/\/www.casa-capinera.it\/wp-content\/uploads\/2015\/02\/glocke_pantasina.jpg\" class=\"attachment-full size-full\" alt=\"\" srcset=\"https:\/\/www.casa-capinera.it\/wp-content\/uploads\/2015\/02\/glocke_pantasina.jpg 593w, https:\/\/www.casa-capinera.it\/wp-content\/uploads\/2015\/02\/glocke_pantasina-201x300.jpg 201w\" sizes=\"(max-width: 593px) 100vw, 593px\" \/><\/a>\n\t\t\t<\/dt><\/dl><dl class='gallery-item'>\n\t\t\t<dt class='gallery-icon landscape'>\n\t\t\t\t<a href='https:\/\/www.casa-capinera.it\/wp-content\/uploads\/2015\/02\/guarda_bella.jpg'><img loading=\"lazy\" decoding=\"async\" width=\"1936\" height=\"1296\" src=\"https:\/\/www.casa-capinera.it\/wp-content\/uploads\/2015\/02\/guarda_bella.jpg\" class=\"attachment-full size-full\" alt=\"\" srcset=\"https:\/\/www.casa-capinera.it\/wp-content\/uploads\/2015\/02\/guarda_bella.jpg 1936w, https:\/\/www.casa-capinera.it\/wp-content\/uploads\/2015\/02\/guarda_bella-300x201.jpg 300w, https:\/\/www.casa-capinera.it\/wp-content\/uploads\/2015\/02\/guarda_bella-1024x685.jpg 1024w\" sizes=\"(max-width: 1936px) 100vw, 1936px\" \/><\/a>\n\t\t\t<\/dt><\/dl><dl class='gallery-item'>\n\t\t\t<dt class='gallery-icon portrait'>\n\t\t\t\t<a href='https:\/\/www.casa-capinera.it\/wp-content\/uploads\/2015\/02\/kaelbchen_strasse.jpg'><img loading=\"lazy\" decoding=\"async\" width=\"1296\" height=\"1936\" src=\"https:\/\/www.casa-capinera.it\/wp-content\/uploads\/2015\/02\/kaelbchen_strasse.jpg\" class=\"attachment-full size-full\" alt=\"\" srcset=\"https:\/\/www.casa-capinera.it\/wp-content\/uploads\/2015\/02\/kaelbchen_strasse.jpg 1296w, https:\/\/www.casa-capinera.it\/wp-content\/uploads\/2015\/02\/kaelbchen_strasse-201x300.jpg 201w, https:\/\/www.casa-capinera.it\/wp-content\/uploads\/2015\/02\/kaelbchen_strasse-685x1024.jpg 685w\" sizes=\"(max-width: 1296px) 100vw, 1296px\" \/><\/a>\n\t\t\t<\/dt><\/dl><br style=\"clear: both\" \/><dl class='gallery-item'>\n\t\t\t<dt class='gallery-icon landscape'>\n\t\t\t\t<a href='https:\/\/www.casa-capinera.it\/wp-content\/uploads\/2015\/02\/kaese_auswahl.jpg'><img loading=\"lazy\" decoding=\"async\" width=\"886\" height=\"638\" src=\"https:\/\/www.casa-capinera.it\/wp-content\/uploads\/2015\/02\/kaese_auswahl.jpg\" class=\"attachment-full size-full\" alt=\"\" srcset=\"https:\/\/www.casa-capinera.it\/wp-content\/uploads\/2015\/02\/kaese_auswahl.jpg 886w, https:\/\/www.casa-capinera.it\/wp-content\/uploads\/2015\/02\/kaese_auswahl-300x216.jpg 300w\" sizes=\"(max-width: 886px) 100vw, 886px\" \/><\/a>\n\t\t\t<\/dt><\/dl><dl class='gallery-item'>\n\t\t\t<dt class='gallery-icon landscape'>\n\t\t\t\t<a href='https:\/\/www.casa-capinera.it\/wp-content\/uploads\/2015\/02\/kuh.jpg'><img loading=\"lazy\" decoding=\"async\" width=\"1936\" height=\"1296\" src=\"https:\/\/www.casa-capinera.it\/wp-content\/uploads\/2015\/02\/kuh.jpg\" class=\"attachment-full size-full\" alt=\"\" srcset=\"https:\/\/www.casa-capinera.it\/wp-content\/uploads\/2015\/02\/kuh.jpg 1936w, https:\/\/www.casa-capinera.it\/wp-content\/uploads\/2015\/02\/kuh-300x201.jpg 300w, https:\/\/www.casa-capinera.it\/wp-content\/uploads\/2015\/02\/kuh-1024x685.jpg 1024w\" sizes=\"(max-width: 1936px) 100vw, 1936px\" \/><\/a>\n\t\t\t<\/dt><\/dl><dl class='gallery-item'>\n\t\t\t<dt class='gallery-icon portrait'>\n\t\t\t\t<a href='https:\/\/www.casa-capinera.it\/wp-content\/uploads\/2015\/02\/lilie1.jpg'><img loading=\"lazy\" decoding=\"async\" width=\"641\" height=\"886\" src=\"https:\/\/www.casa-capinera.it\/wp-content\/uploads\/2015\/02\/lilie1.jpg\" class=\"attachment-full size-full\" alt=\"\" srcset=\"https:\/\/www.casa-capinera.it\/wp-content\/uploads\/2015\/02\/lilie1.jpg 641w, https:\/\/www.casa-capinera.it\/wp-content\/uploads\/2015\/02\/lilie1-217x300.jpg 217w\" sizes=\"(max-width: 641px) 100vw, 641px\" \/><\/a>\n\t\t\t<\/dt><\/dl><br style=\"clear: both\" \/><dl class='gallery-item'>\n\t\t\t<dt class='gallery-icon landscape'>\n\t\t\t\t<a href='https:\/\/www.casa-capinera.it\/wp-content\/uploads\/2015\/02\/mare_nacht.jpg'><img loading=\"lazy\" decoding=\"async\" width=\"886\" height=\"593\" src=\"https:\/\/www.casa-capinera.it\/wp-content\/uploads\/2015\/02\/mare_nacht.jpg\" class=\"attachment-full size-full\" alt=\"\" srcset=\"https:\/\/www.casa-capinera.it\/wp-content\/uploads\/2015\/02\/mare_nacht.jpg 886w, https:\/\/www.casa-capinera.it\/wp-content\/uploads\/2015\/02\/mare_nacht-300x201.jpg 300w\" sizes=\"(max-width: 886px) 100vw, 886px\" \/><\/a>\n\t\t\t<\/dt><\/dl><dl class='gallery-item'>\n\t\t\t<dt class='gallery-icon landscape'>\n\t\t\t\t<a href='https:\/\/www.casa-capinera.it\/wp-content\/uploads\/2015\/02\/markt_oneglia.jpg'><img loading=\"lazy\" decoding=\"async\" width=\"886\" height=\"593\" src=\"https:\/\/www.casa-capinera.it\/wp-content\/uploads\/2015\/02\/markt_oneglia.jpg\" class=\"attachment-full size-full\" alt=\"\" srcset=\"https:\/\/www.casa-capinera.it\/wp-content\/uploads\/2015\/02\/markt_oneglia.jpg 886w, https:\/\/www.casa-capinera.it\/wp-content\/uploads\/2015\/02\/markt_oneglia-300x201.jpg 300w\" sizes=\"(max-width: 886px) 100vw, 886px\" \/><\/a>\n\t\t\t<\/dt><\/dl><dl class='gallery-item'>\n\t\t\t<dt class='gallery-icon landscape'>\n\t\t\t\t<a href='https:\/\/www.casa-capinera.it\/wp-content\/uploads\/2015\/02\/pieve_haeuser.jpg'><img loading=\"lazy\" decoding=\"async\" width=\"886\" height=\"593\" src=\"https:\/\/www.casa-capinera.it\/wp-content\/uploads\/2015\/02\/pieve_haeuser.jpg\" class=\"attachment-full size-full\" alt=\"\" srcset=\"https:\/\/www.casa-capinera.it\/wp-content\/uploads\/2015\/02\/pieve_haeuser.jpg 886w, https:\/\/www.casa-capinera.it\/wp-content\/uploads\/2015\/02\/pieve_haeuser-300x201.jpg 300w\" sizes=\"(max-width: 886px) 100vw, 886px\" \/><\/a>\n\t\t\t<\/dt><\/dl><br style=\"clear: both\" \/><dl class='gallery-item'>\n\t\t\t<dt class='gallery-icon landscape'>\n\t\t\t\t<a href='https:\/\/www.casa-capinera.it\/wp-content\/uploads\/2015\/02\/pieve_kirche.jpg'><img loading=\"lazy\" decoding=\"async\" width=\"886\" height=\"593\" src=\"https:\/\/www.casa-capinera.it\/wp-content\/uploads\/2015\/02\/pieve_kirche.jpg\" class=\"attachment-full size-full\" alt=\"\" srcset=\"https:\/\/www.casa-capinera.it\/wp-content\/uploads\/2015\/02\/pieve_kirche.jpg 886w, https:\/\/www.casa-capinera.it\/wp-content\/uploads\/2015\/02\/pieve_kirche-300x201.jpg 300w\" sizes=\"(max-width: 886px) 100vw, 886px\" \/><\/a>\n\t\t\t<\/dt><\/dl><dl class='gallery-item'>\n\t\t\t<dt class='gallery-icon landscape'>\n\t\t\t\t<a href='https:\/\/www.casa-capinera.it\/wp-content\/uploads\/2015\/02\/pieve_platz.jpg'><img loading=\"lazy\" decoding=\"async\" width=\"827\" height=\"704\" src=\"https:\/\/www.casa-capinera.it\/wp-content\/uploads\/2015\/02\/pieve_platz.jpg\" class=\"attachment-full size-full\" alt=\"\" srcset=\"https:\/\/www.casa-capinera.it\/wp-content\/uploads\/2015\/02\/pieve_platz.jpg 827w, https:\/\/www.casa-capinera.it\/wp-content\/uploads\/2015\/02\/pieve_platz-300x255.jpg 300w\" sizes=\"(max-width: 827px) 100vw, 827px\" \/><\/a>\n\t\t\t<\/dt><\/dl><dl class='gallery-item'>\n\t\t\t<dt class='gallery-icon landscape'>\n\t\t\t\t<a href='https:\/\/www.casa-capinera.it\/wp-content\/uploads\/2015\/02\/porto_maurizio.jpg'><img loading=\"lazy\" decoding=\"async\" width=\"1936\" height=\"1296\" src=\"https:\/\/www.casa-capinera.it\/wp-content\/uploads\/2015\/02\/porto_maurizio.jpg\" class=\"attachment-full size-full\" alt=\"\" srcset=\"https:\/\/www.casa-capinera.it\/wp-content\/uploads\/2015\/02\/porto_maurizio.jpg 1936w, https:\/\/www.casa-capinera.it\/wp-content\/uploads\/2015\/02\/porto_maurizio-300x201.jpg 300w, https:\/\/www.casa-capinera.it\/wp-content\/uploads\/2015\/02\/porto_maurizio-1024x685.jpg 1024w\" sizes=\"(max-width: 1936px) 100vw, 1936px\" \/><\/a>\n\t\t\t<\/dt><\/dl><br style=\"clear: both\" \/><dl class='gallery-item'>\n\t\t\t<dt class='gallery-icon landscape'>\n\t\t\t\t<a href='https:\/\/www.casa-capinera.it\/wp-content\/uploads\/2015\/02\/wanderung_meer.jpg'><img loading=\"lazy\" decoding=\"async\" width=\"886\" height=\"593\" src=\"https:\/\/www.casa-capinera.it\/wp-content\/uploads\/2015\/02\/wanderung_meer.jpg\" class=\"attachment-full size-full\" alt=\"\" srcset=\"https:\/\/www.casa-capinera.it\/wp-content\/uploads\/2015\/02\/wanderung_meer.jpg 886w, https:\/\/www.casa-capinera.it\/wp-content\/uploads\/2015\/02\/wanderung_meer-300x201.jpg 300w\" sizes=\"(max-width: 886px) 100vw, 886px\" \/><\/a>\n\t\t\t<\/dt><\/dl><dl class='gallery-item'>\n\t\t\t<dt class='gallery-icon portrait'>\n\t\t\t\t<a href='https:\/\/www.casa-capinera.it\/wp-content\/uploads\/2015\/02\/albenga_geschlechtertuerme.jpg'><img loading=\"lazy\" decoding=\"async\" width=\"593\" height=\"886\" src=\"https:\/\/www.casa-capinera.it\/wp-content\/uploads\/2015\/02\/albenga_geschlechtertuerme.jpg\" class=\"attachment-full size-full\" alt=\"\" srcset=\"https:\/\/www.casa-capinera.it\/wp-content\/uploads\/2015\/02\/albenga_geschlechtertuerme.jpg 593w, https:\/\/www.casa-capinera.it\/wp-content\/uploads\/2015\/02\/albenga_geschlechtertuerme-201x300.jpg 201w\" sizes=\"(max-width: 593px) 100vw, 593px\" \/><\/a>\n\t\t\t<\/dt><\/dl><dl class='gallery-item'>\n\t\t\t<dt class='gallery-icon landscape'>\n\t\t\t\t<a href='https:\/\/www.casa-capinera.it\/wp-content\/uploads\/2015\/02\/baden_torria.jpg'><img loading=\"lazy\" decoding=\"async\" width=\"886\" height=\"593\" src=\"https:\/\/www.casa-capinera.it\/wp-content\/uploads\/2015\/02\/baden_torria.jpg\" class=\"attachment-full size-full\" alt=\"\" srcset=\"https:\/\/www.casa-capinera.it\/wp-content\/uploads\/2015\/02\/baden_torria.jpg 886w, https:\/\/www.casa-capinera.it\/wp-content\/uploads\/2015\/02\/baden_torria-300x201.jpg 300w\" sizes=\"(max-width: 886px) 100vw, 886px\" \/><\/a>\n\t\t\t<\/dt><\/dl><br style=\"clear: both\" \/>\n\t\t<\/div>\n\n<p>Nel montuoso hinterland ligure c\u2019\u00e8 molto da scoprire. Paesini tipici con ristoranti per buongustai e ambienti medioevali vi aspettano: Valloria con i suoi portoni dipinti, Dolcedo con i suoi antichi ponti e il bar sotto gli archi, Triora l\u2019antico paese delle streghe situato in alto sulle rocce e molto, molto di pi\u00f9.<\/p>\n<p>[trenner]<\/p>\n<p>Per fare la spesa ci sono i mercati di Oneglia oppure di Porto Maurizio. Qui ci sono anche negozi di abbigliamento e di souvenir. Chi vuole fare shopping in un ambiente pi\u00f9 tranquillo, pu\u00f2 andare a Pieve di Teco, qui si trovano piccoli negozi di prodotti di manifattura locale, macellerie, panifici, bar e ristoranti. Il pi\u00f9 piccolo teatro del mondo si trova qui, nascosto in un vicoletto.<\/p>\n","protected":false},"excerpt":{"rendered":"<p>Una bella combinazione C\u2019\u00e8 n\u2019\u00e8 per tutti i gusti Per tutti quelli che amano la natura, il mare e la cultura Casa Capinera \u00e8 ideale. Percorsi di trekking si trovano gi\u00e0 davanti a casa, alcuni con garanzia di ritorno, altri aspettano ancora di essere scoperti da veri boyscout. Il panorama sulle Alpi, i paesini nascosti [&hellip;]<\/p>\n","protected":false},"author":1,"featured_media":0,"parent":0,"menu_order":0,"comment_status":"open","ping_status":"open","template":"","meta":{"_et_pb_use_builder":"","_et_pb_old_content":"","_et_gb_content_width":"","footnotes":""},"class_list":["post-428","page","type-page","status-publish","hentry"],"yoast_head":"<!-- This site is optimized with the Yoast SEO plugin v27.5 - https:\/\/yoast.com\/product\/yoast-seo-wordpress\/ -->\n<title>Ambiente - Casa Capinera<\/title>\n<meta name=\"robots\" content=\"index, follow, max-snippet:-1, max-image-preview:large, max-video-preview:-1\" \/>\n<link rel=\"canonical\" href=\"https:\/\/www.casa-capinera.it\/it\/ambiente\/\" \/>\n<meta property=\"og:locale\" content=\"it_IT\" \/>\n<meta property=\"og:type\" content=\"article\" \/>\n<meta property=\"og:title\" content=\"Ambiente - Casa Capinera\" \/>\n<meta property=\"og:description\" content=\"Una bella combinazione C\u2019\u00e8 n\u2019\u00e8 per tutti i gusti Per tutti quelli che amano la natura, il mare e la cultura Casa Capinera \u00e8 ideale. Percorsi di trekking si trovano gi\u00e0 davanti a casa, alcuni con garanzia di ritorno, altri aspettano ancora di essere scoperti da veri boyscout. Il panorama sulle Alpi, i paesini nascosti [&hellip;]\" \/>\n<meta property=\"og:url\" content=\"https:\/\/www.casa-capinera.it\/it\/ambiente\/\" \/>\n<meta property=\"og:site_name\" content=\"Casa Capinera\" \/>\n<meta property=\"article:modified_time\" content=\"2015-11-26T12:46:31+00:00\" \/>\n<meta property=\"og:image\" content=\"https:\/\/www.casa-capinera.it\/wp-content\/uploads\/2015\/02\/castello_andora.jpg\" \/>\n<meta name=\"twitter:label1\" content=\"Tempo di lettura stimato\" \/>\n\t<meta name=\"twitter:data1\" content=\"1 minuto\" \/>\n<script type=\"application\/ld+json\" class=\"yoast-schema-graph\">{\"@context\":\"https:\\\/\\\/schema.org\",\"@graph\":[{\"@type\":\"WebPage\",\"@id\":\"https:\\\/\\\/www.casa-capinera.it\\\/it\\\/ambiente\\\/\",\"url\":\"https:\\\/\\\/www.casa-capinera.it\\\/it\\\/ambiente\\\/\",\"name\":\"Ambiente - Casa Capinera\",\"isPartOf\":{\"@id\":\"https:\\\/\\\/www.casa-capinera.it\\\/#website\"},\"datePublished\":\"2015-04-20T12:52:15+00:00\",\"dateModified\":\"2015-11-26T12:46:31+00:00\",\"breadcrumb\":{\"@id\":\"https:\\\/\\\/www.casa-capinera.it\\\/it\\\/ambiente\\\/#breadcrumb\"},\"inLanguage\":\"it-IT\",\"potentialAction\":[{\"@type\":\"ReadAction\",\"target\":[\"https:\\\/\\\/www.casa-capinera.it\\\/it\\\/ambiente\\\/\"]}]},{\"@type\":\"BreadcrumbList\",\"@id\":\"https:\\\/\\\/www.casa-capinera.it\\\/it\\\/ambiente\\\/#breadcrumb\",\"itemListElement\":[{\"@type\":\"ListItem\",\"position\":1,\"name\":\"Home\",\"item\":\"https:\\\/\\\/www.casa-capinera.it\\\/it\\\/\"},{\"@type\":\"ListItem\",\"position\":2,\"name\":\"Ambiente\"}]},{\"@type\":\"WebSite\",\"@id\":\"https:\\\/\\\/www.casa-capinera.it\\\/#website\",\"url\":\"https:\\\/\\\/www.casa-capinera.it\\\/\",\"name\":\"Casa Capinera\",\"description\":\"Traumurlaub in den ligurischen Bergen\",\"potentialAction\":[{\"@type\":\"SearchAction\",\"target\":{\"@type\":\"EntryPoint\",\"urlTemplate\":\"https:\\\/\\\/www.casa-capinera.it\\\/?s={search_term_string}\"},\"query-input\":{\"@type\":\"PropertyValueSpecification\",\"valueRequired\":true,\"valueName\":\"search_term_string\"}}],\"inLanguage\":\"it-IT\"}]}<\/script>\n<!-- \/ Yoast SEO plugin. -->","yoast_head_json":{"title":"Ambiente - Casa Capinera","robots":{"index":"index","follow":"follow","max-snippet":"max-snippet:-1","max-image-preview":"max-image-preview:large","max-video-preview":"max-video-preview:-1"},"canonical":"https:\/\/www.casa-capinera.it\/it\/ambiente\/","og_locale":"it_IT","og_type":"article","og_title":"Ambiente - Casa Capinera","og_description":"Una bella combinazione C\u2019\u00e8 n\u2019\u00e8 per tutti i gusti Per tutti quelli che amano la natura, il mare e la cultura Casa Capinera \u00e8 ideale. Percorsi di trekking si trovano gi\u00e0 davanti a casa, alcuni con garanzia di ritorno, altri aspettano ancora di essere scoperti da veri boyscout. Il panorama sulle Alpi, i paesini nascosti [&hellip;]","og_url":"https:\/\/www.casa-capinera.it\/it\/ambiente\/","og_site_name":"Casa Capinera","article_modified_time":"2015-11-26T12:46:31+00:00","og_image":[{"url":"https:\/\/www.casa-capinera.it\/wp-content\/uploads\/2015\/02\/castello_andora.jpg","type":"","width":"","height":""}],"twitter_misc":{"Tempo di lettura stimato":"1 minuto"},"schema":{"@context":"https:\/\/schema.org","@graph":[{"@type":"WebPage","@id":"https:\/\/www.casa-capinera.it\/it\/ambiente\/","url":"https:\/\/www.casa-capinera.it\/it\/ambiente\/","name":"Ambiente - Casa Capinera","isPartOf":{"@id":"https:\/\/www.casa-capinera.it\/#website"},"datePublished":"2015-04-20T12:52:15+00:00","dateModified":"2015-11-26T12:46:31+00:00","breadcrumb":{"@id":"https:\/\/www.casa-capinera.it\/it\/ambiente\/#breadcrumb"},"inLanguage":"it-IT","potentialAction":[{"@type":"ReadAction","target":["https:\/\/www.casa-capinera.it\/it\/ambiente\/"]}]},{"@type":"BreadcrumbList","@id":"https:\/\/www.casa-capinera.it\/it\/ambiente\/#breadcrumb","itemListElement":[{"@type":"ListItem","position":1,"name":"Home","item":"https:\/\/www.casa-capinera.it\/it\/"},{"@type":"ListItem","position":2,"name":"Ambiente"}]},{"@type":"WebSite","@id":"https:\/\/www.casa-capinera.it\/#website","url":"https:\/\/www.casa-capinera.it\/","name":"Casa Capinera","description":"Traumurlaub in den ligurischen Bergen","potentialAction":[{"@type":"SearchAction","target":{"@type":"EntryPoint","urlTemplate":"https:\/\/www.casa-capinera.it\/?s={search_term_string}"},"query-input":{"@type":"PropertyValueSpecification","valueRequired":true,"valueName":"search_term_string"}}],"inLanguage":"it-IT"}]}},"_links":{"self":[{"href":"https:\/\/www.casa-capinera.it\/it\/wp-json\/wp\/v2\/pages\/428","targetHints":{"allow":["GET"]}}],"collection":[{"href":"https:\/\/www.casa-capinera.it\/it\/wp-json\/wp\/v2\/pages"}],"about":[{"href":"https:\/\/www.casa-capinera.it\/it\/wp-json\/wp\/v2\/types\/page"}],"author":[{"embeddable":true,"href":"https:\/\/www.casa-capinera.it\/it\/wp-json\/wp\/v2\/users\/1"}],"replies":[{"embeddable":true,"href":"https:\/\/www.casa-capinera.it\/it\/wp-json\/wp\/v2\/comments?post=428"}],"version-history":[{"count":3,"href":"https:\/\/www.casa-capinera.it\/it\/wp-json\/wp\/v2\/pages\/428\/revisions"}],"predecessor-version":[{"id":763,"href":"https:\/\/www.casa-capinera.it\/it\/wp-json\/wp\/v2\/pages\/428\/revisions\/763"}],"wp:attachment":[{"href":"https:\/\/www.casa-capinera.it\/it\/wp-json\/wp\/v2\/media?parent=428"}],"curies":[{"name":"wp","href":"https:\/\/api.w.org\/{rel}","templated":true}]}}